{"id":11,"date":"2013-08-23T13:46:49","date_gmt":"2013-08-23T13:46:49","guid":{"rendered":"http:\/\/www.conass.org.br\/conassdebate\/?page_id=11"},"modified":"2013-09-09T15:31:40","modified_gmt":"2013-09-09T15:31:40","slug":"saude-para-onde-vai-a-nova-classe-media","status":"publish","type":"page","link":"https:\/\/www.conass.org.br\/conassdebate\/?page_id=11","title":{"rendered":"Sa\u00fade: para onde vai a nova classe m\u00e9dia"},"content":{"rendered":"<p>&nbsp;<\/p>\n<p style=\"text-align: center;\"><em>CONASS promoveu debate para discutir o tema com economistas, soci\u00f3logos, jornalistas, pol\u00edticos e sanitaristas<\/em><\/p>\n<p>\u00a0<a href=\"http:\/\/www.conass.org.br\/conassdebate\/wp-content\/uploads\/2013\/08\/DSC7948-1.png\"><img decoding=\"async\" class=\" wp-image-71 alignleft\" style=\"margin: 20px 5px;\" title=\"Sa\u00fade: para onde vai a nova classe m\u00e9dia\" alt=\"Sa\u00fade: para onde vai a nova classe m\u00e9dia\" src=\"http:\/\/www.conass.org.br\/conassdebate\/wp-content\/uploads\/2013\/08\/DSC7948-1.png\" width=\"350\" height=\"auto\" srcset=\"https:\/\/www.conass.org.br\/conassdebate\/wp-content\/uploads\/2013\/08\/DSC7948-1.png 747w, https:\/\/www.conass.org.br\/conassdebate\/wp-content\/uploads\/2013\/08\/DSC7948-1-300x195.png 300w, https:\/\/www.conass.org.br\/conassdebate\/wp-content\/uploads\/2013\/08\/DSC7948-1-400x260.png 400w\" sizes=\"(max-width: 747px) 100vw, 747px\" \/><\/a><\/p>\n<p>O Conselho Nacional de Secret\u00e1rios de Sa\u00fade (CONASS) promoveu o debate Sa\u00fade: para onde vai a nova classe m\u00e9dia, no dia 24 de abril de 2013, em Bras\u00edlia. O tema foi escolhido pela import\u00e2ncia de se conhecer o movimento da nova classe m\u00e9dia brasileira (classe C) e suas repercuss\u00f5es no SUS e no sistema privado de sa\u00fade.<\/p>\n<p>&nbsp;<\/p>\n<p>O semin\u00e1rio foi o primeiro de uma s\u00e9rie, que visa aprofundar as discuss\u00f5es sobre este, e outros temas contemplados no Projeto CONASS Debate.<\/p>\n<p>&nbsp;<\/p>\n<p>&nbsp;<\/p>\n<p>&nbsp;<\/p>\n<p>O evento teve um dia de dura\u00e7\u00e3o e contou com a participa\u00e7\u00e3o de:<\/p>\n<p>&#8211; <strong>Wilson Alecrim<\/strong>, presidente do CONASS (coordenador);<\/p>\n<p>&#8211; <strong>Renilson Rehem<\/strong>, consultor do CONASS (moderador);<\/p>\n<p>&#8211; <strong>Marcelo Neri<\/strong>, presidente do Ipea e ministro interino da Secretaria de Assuntos Estrat\u00e9gicos da Presid\u00eancia da Rep\u00fablica;<\/p>\n<p>&#8211; <strong>Renato Meirelles<\/strong>, s\u00f3cio-diretor do Data Popular;<\/p>\n<p>&#8211; <strong>Jos\u00e9 Cechin<\/strong>, presidente da FenaSa\u00fade;<\/p>\n<p>&#8211; <strong>L\u00edgia Bahia<\/strong>, professora da UFRJ;<\/p>\n<p>&#8211; <strong>Ana Maria Malik<\/strong>, professora e pesquisadora da Funda\u00e7\u00e3o Get\u00falio Vargas;<\/p>\n<p>&#8211; <strong>Ricardo Paes de Barros<\/strong>, economista, pesquisador do Ipea e subsecret\u00e1rio de A\u00e7\u00e3o Estrat\u00e9gica da Secretaria de A\u00e7\u00f5es Estrat\u00e9gicas da Presid\u00eancia da Rep\u00fablica.<\/p>\n<p>&nbsp;<\/p>\n<p><span style=\"font-size: medium;\"><strong>Ascens\u00e3o da classe C no Brasil<\/strong><\/span><\/p>\n<p>&nbsp;<\/p>\n<p>Nos anos 90 o Brasil estabilizou sua economia e deslanchou um importante processo de reformas estruturais, com o forte impulso dado \u00e0 privatiza\u00e7\u00e3o e \u00e0 reorienta\u00e7\u00e3o da pol\u00edtica social.<\/p>\n<p>&nbsp;<\/p>\n<p>Essas mudan\u00e7as alteraram profundamente as percep\u00e7\u00f5es e estrat\u00e9gias normais de ascens\u00e3o social cujo horizonte deixa de ser individual para tornar-se coletivo. Assim, milh\u00f5es de brasileiros passaram a experimentar a mobilidade social. A classe C deixou de ser baixa e come\u00e7ou a ser m\u00e9dia, disputando espa\u00e7o com as classes m\u00e9dias tradicionais.<\/p>\n<p>&nbsp;<\/p>\n<p>Na an\u00e1lise da ascens\u00e3o da classe C, a quest\u00e3o central \u00e9 a da sustenta\u00e7\u00e3o. Se a nova classe m\u00e9dia resulta do encurtamento das dist\u00e2ncias sociais em fun\u00e7\u00e3o da difus\u00e3o do consumo, como ir\u00e3o seus integrantes gerar a renda necess\u00e1ria para sustentar os novos padr\u00f5es? Sob que condi\u00e7\u00f5es s\u00e3o sustent\u00e1veis os \u00edndices de expans\u00e3o da nova classe m\u00e9dia? A tend\u00eancia \u00e9 de crescimento sustent\u00e1vel, estagna\u00e7\u00e3o ou regress\u00e3o?<\/p>\n<p>&nbsp;<\/p>\n<p>\u00c9 alta a propor\u00e7\u00e3o da classe C que teme perder o padr\u00e3o de vida atual ou n\u00e3o ter dinheiro suficiente para se aposentar, o que \u00e9 compartilhado pela metade das classes D e E.<\/p>\n<p>&nbsp;<\/p>\n<p>Os brasileiros acreditam na necessidade da interven\u00e7\u00e3o estatal em v\u00e1rios campos: controle de pre\u00e7os, gest\u00e3o da sa\u00fade, das aposentadorias, educa\u00e7\u00e3o fundamental, universidades e abastecimento de \u00e1gua. Est\u00e3o dispostos a pagar mais impostos para t\u00ea-los.<\/p>\n<p>&nbsp;<\/p>\n<p>A capacidade da classe m\u00e9dia em transformar-se em agente fundamental da revis\u00e3o de valores sociais e em fonte de apoio para frear a escalada da transgress\u00e3o e da corrup\u00e7\u00e3o depende de seu capital pol\u00edtico. Isso seria poss\u00edvel num contexto de uma sociedade an\u00f4mica interagindo com um sistema institucional an\u00eamico e num ambiente de baixa acumula\u00e7\u00e3o de capital social?<\/p>\n<p>&nbsp;<\/p>\n<p><span style=\"font-size: medium;\"><strong>Programa\u00e7\u00e3o<\/strong><\/span><\/p>\n<p>&nbsp;<\/p>\n<p><strong>Mesa de Abertura<\/strong><\/p>\n<p>&nbsp;<\/p>\n<p>Wilson Duarte Alecrim \u2013 presidente do Conselho Nacional de Secret\u00e1rios de Sa\u00fade (CONASS)<\/p>\n<p>Joaquim Molina \u2013 representante da Organiza\u00e7\u00e3o Pan-Americana de Sa\u00fade (Opas)<\/p>\n<p>Alexandre Padilha \u2013 ministro da Sa\u00fade<\/p>\n<p>&nbsp;<\/p>\n<p><strong>Mesa de Expositores<\/strong><\/p>\n<p>&nbsp;<\/p>\n<p><span style=\"text-decoration: underline;\">Coordenador:<\/span> Wilson Duarte Alecrim \u2013 presidente do CONASS<\/p>\n<p><span style=\"text-decoration: underline;\">Expositor:<\/span> Ricardo Paes de Barros \u2013 subsecret\u00e1rio de A\u00e7\u00f5es Estrat\u00e9gicas da Secretaria de Assuntos Estrat\u00e9gicos da Presid\u00eancia da Rep\u00fablica (SAE\/PR)<\/p>\n<p><span style=\"text-decoration: underline;\">Expositor:<\/span> Renato Meireles \u2013 s\u00f3cio-presidente do Instituto de Pesquisa Data Popular<\/p>\n<p><span style=\"text-decoration: underline;\">Expositor:<\/span> Jos\u00e9 Cechin \u2013 diretor-executivo da Federa\u00e7\u00e3o Nacional de Sa\u00fade Suplementar (FenaSa\u00fade)<\/p>\n<p><span style=\"text-decoration: underline;\">Expositora:<\/span> Ligia Bahia \u2013 professora do Instituto de Sa\u00fade Coletiva da Universidade Federal do Rio de Janeiro (UFRJ)<\/p>\n<p>&nbsp;<\/p>\n<p><strong>Mesa de Debate<\/strong><\/p>\n<p>&nbsp;<\/p>\n<p><span style=\"text-decoration: underline;\">Moderador:<\/span> Renilson Rehem \u2013 gerente do projeto CONASS Debate<\/p>\n<p><span style=\"text-decoration: underline;\">Debatedora:<\/span> Ana Maria Malik \u2013 coordenadora do GVsa\u00fade da Funda\u00e7\u00e3o Get\u00falio Vargas (FGV\/SP)<\/p>\n<p><span style=\"text-decoration: underline;\">Debatedor:<\/span> Jos\u00e9 Gomes Tempor\u00e3o \u2013 diretor Executivo do Instituto Sul-Americano de Governo em Sa\u00fade<\/p>\n<p>&nbsp;<\/p>\n<p><strong><span style=\"font-size: medium;\">Livro<\/span><\/strong><\/p>\n<p><img loading=\"lazy\" decoding=\"async\" class=\"size-thumbnail wp-image-67 \" style=\"margin: 20px 5px;\" alt=\"Livro CONASS Debate\" src=\"http:\/\/www.conass.org.br\/conassdebate\/wp-content\/uploads\/2013\/08\/conassdebate_book01-150x150.jpg\" width=\"150\" height=\"150\" srcset=\"https:\/\/www.conass.org.br\/conassdebate\/wp-content\/uploads\/2013\/08\/conassdebate_book01-150x150.jpg 150w, https:\/\/www.conass.org.br\/conassdebate\/wp-content\/uploads\/2013\/08\/conassdebate_book01-50x50.jpg 50w\" sizes=\"(max-width: 150px) 100vw, 150px\" \/><\/p>\n<p>&nbsp;<\/p>\n<p>O livro <strong>CONASS Debate \u2013 Sa\u00fade: para onde vai a nova classe m\u00e9dia<\/strong> \u00e9 fruto do semin\u00e1rio. Dividido em cap\u00edtulos ordenados pela participa\u00e7\u00e3o dos expositores e dos debatedores durante o evento, o livro traz os textos assinados pelos palestrantes, respons\u00e1veis pelo sucesso e riqueza de conte\u00fado do semin\u00e1rio. No \u00faltimo cap\u00edtulo, apresentamos a s\u00edntese dos debates, feita pela equipe de relatoria do evento. O livro estar\u00e1 dispon\u00edvel a partir do dia 25 de setembro. Colocaremos o link para baixar o livro gratuitamente para computadores, <em>tablets<\/em> e <em>smartphones<\/em> aqui!<\/p>\n<p>&nbsp;<\/p>\n<p>&nbsp;<\/p>\n<p><em><strong>Tamb\u00e9m assista aos v\u00eddeos deste semin\u00e1rio <a href=\"http:\/\/www.conass.org.br\/conassdebate\/?page_id=89\" target=\"_blank\">clicando aqui<\/a>, informa\u00e7\u00f5es para a imprensa <a href=\"http:\/\/www.conass.org.br\/conassdebate\/?cat=8\" target=\"_blank\">aqui<\/a> e fotos do evento <a href=\"http:\/\/www.conass.org.br\/conassdebate\/?page_id=142\" target=\"_blank\">aqui<\/a>.<\/strong><\/em><\/p>\n","protected":false},"excerpt":{"rendered":"<p>&nbsp; CONASS promoveu debate para discutir o tema com economistas, soci\u00f3logos, jornalistas, pol\u00edticos e sanitaristas \u00a0 O Conselho Nacional de Secret\u00e1rios de Sa\u00fade (CONASS) promoveu o debate Sa\u00fade: para onde vai a nova classe m\u00e9dia, no dia 24 de abril de 2013, em Bras\u00edlia. O tema foi escolhido pela import\u00e2ncia de se conhecer o movimento [&hellip;]<\/p>\n","protected":false},"author":1,"featured_media":0,"parent":0,"menu_order":0,"comment_status":"open","ping_status":"open","template":"","meta":{"footnotes":""},"class_list":["post-11","page","type-page","status-publish","hentry"],"yoast_head":"<!-- This site is optimized with the Yoast SEO plugin v23.6 - https:\/\/yoast.com\/wordpress\/plugins\/seo\/ -->\n<title>Sa\u00fade: para onde vai a nova classe m\u00e9dia<\/title>\n<meta name=\"description\" content=\"Primeiro semin\u00e1rio do projeto CONASS Debate que promoveu debate para discutir o tema com economistas, soci\u00f3logos, jornalistas, pol\u00edticos e sanitaristas.\" \/>\n<meta name=\"robots\" content=\"index, follow, max-snippet:-1, max-image-preview:large, max-video-preview:-1\" \/>\n<link rel=\"canonical\" href=\"https:\/\/www.conass.org.br\/conassdebate\/?page_id=11\" \/>\n<meta property=\"og:locale\" content=\"pt_BR\" \/>\n<meta property=\"og:type\" content=\"article\" \/>\n<meta property=\"og:title\" content=\"Sa\u00fade: para onde vai a nova classe m\u00e9dia\" \/>\n<meta property=\"og:description\" content=\"Primeiro semin\u00e1rio do projeto CONASS Debate que promoveu debate para discutir o tema com economistas, soci\u00f3logos, jornalistas, pol\u00edticos e sanitaristas.\" \/>\n<meta property=\"og:url\" content=\"https:\/\/www.conass.org.br\/conassdebate\/?page_id=11\" \/>\n<meta property=\"og:site_name\" content=\"CONASS DEBATE\" \/>\n<meta property=\"article:publisher\" content=\"https:\/\/www.facebook.com\/conassoficial\" \/>\n<meta property=\"article:modified_time\" content=\"2013-09-09T15:31:40+00:00\" \/>\n<meta property=\"og:image\" content=\"http:\/\/www.conass.org.br\/conassdebate\/wp-content\/uploads\/2013\/08\/DSC7948-1.png\" \/>\n<meta name=\"twitter:label1\" content=\"Est. tempo de leitura\" \/>\n\t<meta name=\"twitter:data1\" content=\"4 minutos\" \/>\n<script type=\"application\/ld+json\" class=\"yoast-schema-graph\">{\"@context\":\"https:\/\/schema.org\",\"@graph\":[{\"@type\":\"WebPage\",\"@id\":\"https:\/\/www.conass.org.br\/conassdebate\/?page_id=11\",\"url\":\"https:\/\/www.conass.org.br\/conassdebate\/?page_id=11\",\"name\":\"Sa\u00fade: para onde vai a nova classe m\u00e9dia\",\"isPartOf\":{\"@id\":\"https:\/\/www.conass.org.br\/conassdebate\/#website\"},\"primaryImageOfPage\":{\"@id\":\"https:\/\/www.conass.org.br\/conassdebate\/?page_id=11#primaryimage\"},\"image\":{\"@id\":\"https:\/\/www.conass.org.br\/conassdebate\/?page_id=11#primaryimage\"},\"thumbnailUrl\":\"http:\/\/www.conass.org.br\/conassdebate\/wp-content\/uploads\/2013\/08\/DSC7948-1.png\",\"datePublished\":\"2013-08-23T13:46:49+00:00\",\"dateModified\":\"2013-09-09T15:31:40+00:00\",\"description\":\"Primeiro semin\u00e1rio do projeto CONASS Debate que promoveu debate para discutir o tema com economistas, soci\u00f3logos, jornalistas, pol\u00edticos e sanitaristas.\",\"inLanguage\":\"pt-BR\",\"potentialAction\":[{\"@type\":\"ReadAction\",\"target\":[\"https:\/\/www.conass.org.br\/conassdebate\/?page_id=11\"]}]},{\"@type\":\"ImageObject\",\"inLanguage\":\"pt-BR\",\"@id\":\"https:\/\/www.conass.org.br\/conassdebate\/?page_id=11#primaryimage\",\"url\":\"https:\/\/www.conass.org.br\/conassdebate\/wp-content\/uploads\/2013\/08\/DSC7948-1.png\",\"contentUrl\":\"https:\/\/www.conass.org.br\/conassdebate\/wp-content\/uploads\/2013\/08\/DSC7948-1.png\",\"width\":747,\"height\":486},{\"@type\":\"WebSite\",\"@id\":\"https:\/\/www.conass.org.br\/conassdebate\/#website\",\"url\":\"https:\/\/www.conass.org.br\/conassdebate\/\",\"name\":\"CONASS DEBATE\",\"description\":\"Conass - Conselho Nacional dos Secret\u00e1rios de Sa\u00fadeo\",\"potentialAction\":[{\"@type\":\"SearchAction\",\"target\":{\"@type\":\"EntryPoint\",\"urlTemplate\":\"https:\/\/www.conass.org.br\/conassdebate\/?s={search_term_string}\"},\"query-input\":{\"@type\":\"PropertyValueSpecification\",\"valueRequired\":true,\"valueName\":\"search_term_string\"}}],\"inLanguage\":\"pt-BR\"}]}<\/script>\n<!-- \/ Yoast SEO plugin. -->","yoast_head_json":{"title":"Sa\u00fade: para onde vai a nova classe m\u00e9dia","description":"Primeiro semin\u00e1rio do projeto CONASS Debate que promoveu debate para discutir o tema com economistas, soci\u00f3logos, jornalistas, pol\u00edticos e sanitaristas.","robots":{"index":"index","follow":"follow","max-snippet":"max-snippet:-1","max-image-preview":"max-image-preview:large","max-video-preview":"max-video-preview:-1"},"canonical":"https:\/\/www.conass.org.br\/conassdebate\/?page_id=11","og_locale":"pt_BR","og_type":"article","og_title":"Sa\u00fade: para onde vai a nova classe m\u00e9dia","og_description":"Primeiro semin\u00e1rio do projeto CONASS Debate que promoveu debate para discutir o tema com economistas, soci\u00f3logos, jornalistas, pol\u00edticos e sanitaristas.","og_url":"https:\/\/www.conass.org.br\/conassdebate\/?page_id=11","og_site_name":"CONASS DEBATE","article_publisher":"https:\/\/www.facebook.com\/conassoficial","article_modified_time":"2013-09-09T15:31:40+00:00","og_image":[{"url":"http:\/\/www.conass.org.br\/conassdebate\/wp-content\/uploads\/2013\/08\/DSC7948-1.png"}],"twitter_misc":{"Est. tempo de leitura":"4 minutos"},"schema":{"@context":"https:\/\/schema.org","@graph":[{"@type":"WebPage","@id":"https:\/\/www.conass.org.br\/conassdebate\/?page_id=11","url":"https:\/\/www.conass.org.br\/conassdebate\/?page_id=11","name":"Sa\u00fade: para onde vai a nova classe m\u00e9dia","isPartOf":{"@id":"https:\/\/www.conass.org.br\/conassdebate\/#website"},"primaryImageOfPage":{"@id":"https:\/\/www.conass.org.br\/conassdebate\/?page_id=11#primaryimage"},"image":{"@id":"https:\/\/www.conass.org.br\/conassdebate\/?page_id=11#primaryimage"},"thumbnailUrl":"http:\/\/www.conass.org.br\/conassdebate\/wp-content\/uploads\/2013\/08\/DSC7948-1.png","datePublished":"2013-08-23T13:46:49+00:00","dateModified":"2013-09-09T15:31:40+00:00","description":"Primeiro semin\u00e1rio do projeto CONASS Debate que promoveu debate para discutir o tema com economistas, soci\u00f3logos, jornalistas, pol\u00edticos e sanitaristas.","inLanguage":"pt-BR","potentialAction":[{"@type":"ReadAction","target":["https:\/\/www.conass.org.br\/conassdebate\/?page_id=11"]}]},{"@type":"ImageObject","inLanguage":"pt-BR","@id":"https:\/\/www.conass.org.br\/conassdebate\/?page_id=11#primaryimage","url":"https:\/\/www.conass.org.br\/conassdebate\/wp-content\/uploads\/2013\/08\/DSC7948-1.png","contentUrl":"https:\/\/www.conass.org.br\/conassdebate\/wp-content\/uploads\/2013\/08\/DSC7948-1.png","width":747,"height":486},{"@type":"WebSite","@id":"https:\/\/www.conass.org.br\/conassdebate\/#website","url":"https:\/\/www.conass.org.br\/conassdebate\/","name":"CONASS DEBATE","description":"Conass - Conselho Nacional dos Secret\u00e1rios de Sa\u00fadeo","potentialAction":[{"@type":"SearchAction","target":{"@type":"EntryPoint","urlTemplate":"https:\/\/www.conass.org.br\/conassdebate\/?s={search_term_string}"},"query-input":{"@type":"PropertyValueSpecification","valueRequired":true,"valueName":"search_term_string"}}],"inLanguage":"pt-BR"}]}},"_links":{"self":[{"href":"https:\/\/www.conass.org.br\/conassdebate\/index.php?rest_route=\/wp\/v2\/pages\/11"}],"collection":[{"href":"https:\/\/www.conass.org.br\/conassdebate\/index.php?rest_route=\/wp\/v2\/pages"}],"about":[{"href":"https:\/\/www.conass.org.br\/conassdebate\/index.php?rest_route=\/wp\/v2\/types\/page"}],"author":[{"embeddable":true,"href":"https:\/\/www.conass.org.br\/conassdebate\/index.php?rest_route=\/wp\/v2\/users\/1"}],"replies":[{"embeddable":true,"href":"https:\/\/www.conass.org.br\/conassdebate\/index.php?rest_route=%2Fwp%2Fv2%2Fcomments&post=11"}],"version-history":[{"count":21,"href":"https:\/\/www.conass.org.br\/conassdebate\/index.php?rest_route=\/wp\/v2\/pages\/11\/revisions"}],"predecessor-version":[{"id":60,"href":"https:\/\/www.conass.org.br\/conassdebate\/index.php?rest_route=\/wp\/v2\/pages\/11\/revisions\/60"}],"wp:attachment":[{"href":"https:\/\/www.conass.org.br\/conassdebate\/index.php?rest_route=%2Fwp%2Fv2%2Fmedia&parent=11"}],"curies":[{"name":"wp","href":"https:\/\/api.w.org\/{rel}","templated":true}]}}