{"id":299,"date":"2014-04-10T11:33:58","date_gmt":"2014-04-10T11:33:58","guid":{"rendered":"http:\/\/www.conass.org.br\/conassdebate\/?page_id=299"},"modified":"2014-07-18T15:53:49","modified_gmt":"2014-07-18T15:53:49","slug":"crise-contemporanea-modelos-atencao-saude","status":"publish","type":"page","link":"https:\/\/www.conass.org.br\/conassdebate\/?page_id=299","title":{"rendered":"A crise contempor\u00e2nea dos modelos de aten\u00e7\u00e3o \u00e0 sa\u00fade"},"content":{"rendered":"<p style=\"text-align: center;\" align=\"center\"><a href=\"http:\/\/www.conass.org.br\/conassdebate\/wp-content\/uploads\/2014\/04\/banner-rotativo-051.png\"><img decoding=\"async\" class=\"aligncenter  wp-image-322\" src=\"http:\/\/www.conass.org.br\/conassdebate\/wp-content\/uploads\/2014\/04\/banner-rotativo-051-1024x335.png\" alt=\"banner rotativo-05\" width=\"800\" height=\"auto\" srcset=\"https:\/\/www.conass.org.br\/conassdebate\/wp-content\/uploads\/2014\/04\/banner-rotativo-051-1024x335.png 1024w, https:\/\/www.conass.org.br\/conassdebate\/wp-content\/uploads\/2014\/04\/banner-rotativo-051-300x98.png 300w, https:\/\/www.conass.org.br\/conassdebate\/wp-content\/uploads\/2014\/04\/banner-rotativo-051-400x130.png 400w\" sizes=\"(max-width: 1024px) 100vw, 1024px\" \/><\/a><\/p>\n<p style=\"text-align: center;\" align=\"center\"><span style=\"color: #ffffff;\">.<\/span><\/p>\n<p style=\"text-align: center;\" align=\"center\"><i>O predom\u00ednio das condi\u00e7\u00f5es cr\u00f4nicas e a necessidade de moderniza\u00e7\u00e3o dos sistemas de sa\u00fade, no Brasil e no mundo, <\/i><\/p>\n<p style=\"text-align: center;\" align=\"center\"><i>s\u00e3o temas do 3\u00ba semin\u00e1rio CONASS Debate<\/i><\/p>\n<p>&nbsp;<\/p>\n<p>Uma crise est\u00e1 instalada nos setores p\u00fablicos e privados de sa\u00fade em todo o mundo, desencadeada por transi\u00e7\u00f5es que se alastram rapidamente, alterando a situa\u00e7\u00e3o de sa\u00fade tanto de pa\u00edses ricos quanto dos em desenvolvimento.<\/p>\n<p>As transi\u00e7\u00f5es demogr\u00e1ficas, tecnol\u00f3gicas, epidemiol\u00f3gicas e nutricionais, vivenciadas por pa\u00edses da Europa, Estados Unidos, Canad\u00e1 e Brasil, n\u00e3o podem ser cessadas. Faz-se necess\u00e1rio, portanto, promover mudan\u00e7as r\u00e1pidas no modelo de aten\u00e7\u00e3o para que ele seja coerente com a conjuntura da sa\u00fade predominante no pa\u00eds.<\/p>\n<p>No Brasil, at\u00e9 a metade do s\u00e9culo passado, 40% a 45% das mortes eram causadas por doen\u00e7as infecciosas. Hoje, esse n\u00famero \u00e9 de apenas 4%, o que significa que o modelo de aten\u00e7\u00e3o, implantado quando predominavam essas doen\u00e7as, foi bem sucedido.<\/p>\n<p>Acontece que esse modelo n\u00e3o conseguiu acompanhar a velocidade destas transi\u00e7\u00f5es, ocasionando o descompasso entre as condi\u00e7\u00f5es de sa\u00fade das popula\u00e7\u00f5es e a capacidade de enfrentamento dessas situa\u00e7\u00f5es pelos respectivos sistemas de sa\u00fade.<\/p>\n<p>No Brasil, essa situa\u00e7\u00e3o \u00e9 agravada tendo em vista a tripla carga de doen\u00e7as: a predomin\u00e2ncia das doen\u00e7as cr\u00f4nicas e a presen\u00e7a ainda importante das doen\u00e7as infecciosas, somadas \u00e0s causas externas, que representam o terceiro maior fator de morbimortalidade no pa\u00eds.<\/p>\n<p>&nbsp;<\/p>\n<p><b>Como resolver essa crise?<\/b><\/p>\n<p>&nbsp;<\/p>\n<p>Ap\u00f3s muita pesquisa, um grupo de estudiosos desenvolveu, no final dos anos 90, um modelo de aten\u00e7\u00e3o \u00e0 sa\u00fade que tem sido aplicado em pa\u00edses desenvolvidos e em quase todos os pa\u00edses europeus. V\u00e1rias evid\u00eancias apontam que quando esse modelo \u00e9 aplicado h\u00e1 um melhor enfrentamento das condi\u00e7\u00f5es cr\u00f4nicas.<\/p>\n<p>No entanto, para que ele funcione \u00e9 preciso estabilizar as condi\u00e7\u00f5es cr\u00f4nicas, controlando, por exemplo, a glicemia do diab\u00e9tico e a press\u00e3o arterial do hipertenso, tarefa imposs\u00edvel para o modelo agudo vigente \u2013 de emerg\u00eancias, interna\u00e7\u00f5es hospitalares e pronto-atendimento \u2013, levando o sistema a falhas que seriam evit\u00e1veis se a aten\u00e7\u00e3o \u00e0 sa\u00fade fosse dada devidamente de acordo com as condi\u00e7\u00f5es reais de sa\u00fade da popula\u00e7\u00e3o.<\/p>\n<p>Esse modelo prop\u00f5e a introdu\u00e7\u00e3o e o fortalecimento de pr\u00e1ticas mais coletivas, cont\u00ednuas e interdisciplinares, como o autocuidado apoiado e cuidado compartilhado, nos quais uma equipe formada por diversos profissionais de sa\u00fade incentiva e ajuda o paciente a promover e qualificar o cuidado consigo mesmo. Sugere ainda a implanta\u00e7\u00e3o de prontu\u00e1rios cl\u00ednicos informatizados, assim como de outros fatores de organiza\u00e7\u00e3o da aten\u00e7\u00e3o.<\/p>\n<p>&nbsp;<\/p>\n<p><b>CONASS Debate<\/b><\/p>\n<p>&nbsp;<\/p>\n<p>\u00c9 a respeito deste modelo de aten\u00e7\u00e3o que um dos convidados para a terceira edi\u00e7\u00e3o do projeto CONASS Debate ir\u00e1 falar. Rafael Bengoa, assessor do programa <i>Obamacare<\/i>, j\u00e1 foi ministro da Sa\u00fade do pa\u00eds Vasco, onde o modelo de aten\u00e7\u00e3o \u00e0s condi\u00e7\u00f5es cr\u00f4nicas foi implantado com sucesso, j\u00e1 integrou a Organiza\u00e7\u00e3o Mundial da Sa\u00fade (OMS) e tem vasta experi\u00eancia acad\u00eamica.<\/p>\n<p>Al\u00e9m de Bengoa, est\u00e3o confirmadas as participa\u00e7\u00f5es de Luiz Facchini, da Universidade de Pelotas (ex-presidente da Abrasco); de Claunara Schilling Mendonca, da Universidade do Rio Grande do Sul (ex-diretora de Aten\u00e7\u00e3o B\u00e1sica do Minist\u00e9rio da Sa\u00fade); de Luiz Fernando Rolim Sampaio, da Unimed Belo Horizonte (ex-consultor do Departamento de Medicina de Fam\u00edlia e Comunidade da Universidade de Toronto); de Frederico Guanais, da Divis\u00e3o de Prote\u00e7\u00e3o Social e Sa\u00fade do Banco Interamericano de Desenvolvimento (BID); e do coordenador t\u00e9cnico do projeto CONASS Debate, Eug\u00eanio Vila\u00e7a Mendes.<\/p>\n<p>\u00c9 esperado um p\u00fablico de aproximadamente 300 pessoas no evento promovido pelo Conselho Nacional de Secret\u00e1rios de Sa\u00fade (CONASS) que acontecer\u00e1 no dia 13 de maio de 2014, em Bras\u00edlia. O semin\u00e1rio CONASS Debate \u2013 A crise contempor\u00e2nea dos sistemas de sa\u00fade ser\u00e1 transmitido ao vivo, pelo site oficial do evento e pelo Canal Sa\u00fade.<\/p>\n<p>&nbsp;<\/p>\n<p><span style=\"font-size: small;\"><strong>Acesse as apresenta\u00e7\u00f5es <a title=\"Apresenta\u00e7\u00f5es\" href=\"http:\/\/www.conass.org.br\/conassdebate\/?page_id=168\" target=\"_blank\">aqui<\/a>.<\/strong><\/span><\/p>\n<p><span style=\"font-size: small;\"><strong>Acesse as fotos do evento <a title=\"Fotos\" href=\"http:\/\/www.conass.org.br\/conassdebate\/?page_id=142\" target=\"_blank\">aqui<\/a>.<\/strong><\/span><\/p>\n<p>&nbsp;<\/p>\n<p style=\"text-align: left;\" align=\"center\"><span style=\"font-size: medium;\"><strong>Programa\u00e7\u00e3o<\/strong><\/span><\/p>\n<p>&nbsp;<\/p>\n<p><strong>9h00 \u2013 Abertura<\/strong><\/p>\n<p>&#8211;\u00a0\u00a0\u00a0\u00a0\u00a0\u00a0 Wilson Duarte Alecrim \u2013 presidente do CONASS<\/p>\n<p>&#8211;\u00a0\u00a0\u00a0\u00a0\u00a0\u00a0 Ant\u00f4nio Carlos Nardi \u2013 presidente do Conasems<\/p>\n<p>&#8211;\u00a0\u00a0\u00a0\u00a0\u00a0\u00a0 Maria do Socorro de Souza \u2013 presidente do Conselho Nacional de Sa\u00fade<\/p>\n<p>&#8211;\u00a0\u00a0\u00a0\u00a0\u00a0\u00a0 Arthur Chioro \u2013 ministro de Estado da Sa\u00fade<\/p>\n<p>&#8211;\u00a0\u00a0\u00a0\u00a0\u00a0\u00a0 Joaquim Molina \u2013 representante da Opas\/OMS<\/p>\n<p>&nbsp;<\/p>\n<p><strong>10h30 \u2013 Confer\u00eancia de Abertura<\/strong><\/p>\n<p>&#8211;\u00a0\u00a0\u00a0\u00a0\u00a0\u00a0 Rafael Bengoa \u2013 assessor do programa <i>Obamacare<\/i>, foi diretor de Gest\u00e3o de Condi\u00e7\u00f5es Cr\u00f4nicas e diretor de Pol\u00edticas do Sistema de Sa\u00fade da Organiza\u00e7\u00e3o Mundial da Sa\u00fade (OMS), e ex-ministro da Sa\u00fade do pa\u00eds Vasco<\/p>\n<p>&nbsp;<\/p>\n<p><strong>11h30 \u2013 Contextualiza\u00e7\u00e3o do tema<\/strong><\/p>\n<p>&#8211;\u00a0\u00a0\u00a0\u00a0\u00a0\u00a0 Eug\u00eanio Vila\u00e7a Mendes \u2013 gerente t\u00e9cnico do projeto CONASS Debate<\/p>\n<p>&nbsp;<\/p>\n<p><strong>12h00 \u2013 Almo\u00e7o<\/strong><\/p>\n<p><strong>\u00a0<\/strong><\/p>\n<p><strong>13h30 \u2013 Exposi\u00e7\u00f5es<\/strong><\/p>\n<p>&#8211;\u00a0\u00a0\u00a0\u00a0\u00a0\u00a0 Luiz Facchini, professor do Departamento de Medicina Social e dos Programas de P\u00f3s-Gradua\u00e7\u00e3o em Epidemiologia e em Enfermagem da Universidade Federal de Pelotas, p\u00f3s-doutorado em Sa\u00fade Internacional, e ex-presidente da Abrasco<\/p>\n<p>&#8211;\u00a0\u00a0\u00a0\u00a0\u00a0\u00a0 Claunara Schilling Mendonca, professora de Medicina de Fam\u00edlia no Departamento de Medicina Social da Universidade do Rio Grande do Sul, Medica de Fam\u00edlia e Comunidade do Grupo Hospitalar Concei\u00e7\u00e3o, e ex-diretora de Aten\u00e7\u00e3o B\u00e1sica do Minist\u00e9rio da Sa\u00fade<\/p>\n<p>&#8211;\u00a0\u00a0\u00a0\u00a0\u00a0\u00a0 Luiz Fernando Rolim Sampaio, chefe do Escrit\u00f3rio de Servi\u00e7os de Sa\u00fade da Unimed Belo Horizonte, foi diretor de Aten\u00e7\u00e3o B\u00e1sica do Minist\u00e9rio da Sa\u00fade, consultor do Departamento de Medicina de Fam\u00edlia e Comunidade da Universidade de Toronto, e assessor t\u00e9cnico do CONASS<\/p>\n<p>&#8211;\u00a0\u00a0\u00a0\u00a0\u00a0\u00a0 Frederico Guanais \u2013 PhD, especialista L\u00edder em Sa\u00fade da Divis\u00e3o de Prote\u00e7\u00e3o Social e Sa\u00fade do Banco Interamericano de Desenvolvimento<\/p>\n<p><strong>Coordena\u00e7\u00e3o<\/strong><\/p>\n<p>&#8211;\u00a0\u00a0\u00a0\u00a0\u00a0\u00a0 Renilson Rehem \u2013 gerente do projeto CONASS Debate<\/p>\n<p>&nbsp;<\/p>\n<p><strong>15h30 \u2013 Debate com a plateia, internautas e expositores<\/strong><\/p>\n<p><strong>Media\u00e7\u00e3o<\/strong><\/p>\n<p>&#8211;\u00a0\u00a0\u00a0\u00a0\u00a0\u00a0 Renato Farias \u2013 Canal Sa\u00fade\/Fiocruz<\/p>\n<p>&nbsp;<\/p>\n<p><strong>17h00 \u2013 Encerramento<\/strong><\/p>\n<p>&nbsp;<\/p>\n<p>Entre em contato conosco <a title=\"contato\" href=\"http:\/\/www.conass.org.br\/conassdebate\/?page_id=18\">aqui<\/a>.<\/p>\n<p><strong>Voc\u00ea viu?<\/strong><\/p>\n<div id=\"fb-root\"><\/div>\n<p><script>\/\/ <![CDATA[\n(function(d, s, id) { var js, fjs = d.getElementsByTagName(s)[0]; if (d.getElementById(id)) return; js = d.createElement(s); js.id = id; js.src = \"\/\/connect.facebook.net\/pt_BR\/all.js#xfbml=1\"; fjs.parentNode.insertBefore(js, fjs); }(document, 'script', 'facebook-jssdk'));\n\/\/ ]]><\/script><\/p>\n<div class=\"fb-post\" data-href=\"https:\/\/www.facebook.com\/photo.php?v=655842117842139\" data-width=\"466\">\n<div class=\"fb-xfbml-parse-ignore\"><a href=\"https:\/\/www.facebook.com\/photo.php?v=655842117842139\">Publica\u00e7\u00e3o<\/a> by <a href=\"https:\/\/www.facebook.com\/conassoficial\">Conass Nacional<\/a>.<\/div>\n<\/div>\n<div id=\"fb-root\"><\/div>\n<p><script>\/\/ <![CDATA[\n(function(d, s, id) { var js, fjs = d.getElementsByTagName(s)[0]; if (d.getElementById(id)) return; js = d.createElement(s); js.id = id; js.src = \"\/\/connect.facebook.net\/pt_BR\/all.js#xfbml=1\"; fjs.parentNode.insertBefore(js, fjs); }(document, 'script', 'facebook-jssdk'));\n\/\/ ]]><\/script><\/p>\n<div class=\"fb-post\" data-href=\"https:\/\/www.facebook.com\/photo.php?fbid=649909631768721&amp;set=a.402958093130544.93523.402270773199276&amp;type=1\" data-width=\"466\">\n<div class=\"fb-xfbml-parse-ignore\"><a href=\"https:\/\/www.facebook.com\/photo.php?fbid=649909631768721&amp;set=a.402958093130544.93523.402270773199276&amp;type=1\">Publica\u00e7\u00e3o<\/a> by <a href=\"https:\/\/www.facebook.com\/conassoficial\">Conass Nacional<\/a>.<\/div>\n<\/div>\n<div id=\"fb-root\"><\/div>\n<p><script>\/\/ <![CDATA[\n(function(d, s, id) { var js, fjs = d.getElementsByTagName(s)[0]; if (d.getElementById(id)) return; js = d.createElement(s); js.id = id; js.src = \"\/\/connect.facebook.net\/pt_BR\/all.js#xfbml=1\"; fjs.parentNode.insertBefore(js, fjs); }(document, 'script', 'facebook-jssdk'));\n\/\/ ]]><\/script><\/p>\n<div class=\"fb-post\" data-href=\"https:\/\/www.facebook.com\/photo.php?fbid=648181235274894&amp;set=a.402958093130544.93523.402270773199276&amp;type=1\" data-width=\"466\">\n<div class=\"fb-xfbml-parse-ignore\"><a href=\"https:\/\/www.facebook.com\/photo.php?fbid=648181235274894&amp;set=a.402958093130544.93523.402270773199276&amp;type=1\">Publica\u00e7\u00e3o<\/a> by <a href=\"https:\/\/www.facebook.com\/conassoficial\">Conass Nacional<\/a>.<\/div>\n<\/div>\n<div id=\"fb-root\"><\/div>\n<p><script>\/\/ <![CDATA[\n(function(d, s, id) { var js, fjs = d.getElementsByTagName(s)[0]; if (d.getElementById(id)) return; js = d.createElement(s); js.id = id; js.src = \"\/\/connect.facebook.net\/pt_BR\/all.js#xfbml=1\"; fjs.parentNode.insertBefore(js, fjs); }(document, 'script', 'facebook-jssdk'));\n\/\/ ]]><\/script><\/p>\n<div class=\"fb-post\" data-href=\"https:\/\/www.facebook.com\/photo.php?fbid=650956058330745&amp;set=a.402958093130544.93523.402270773199276&amp;type=1\" data-width=\"466\">\n<div class=\"fb-xfbml-parse-ignore\"><a href=\"https:\/\/www.facebook.com\/photo.php?fbid=650956058330745&amp;set=a.402958093130544.93523.402270773199276&amp;type=1\">Publica\u00e7\u00e3o<\/a> by <a href=\"https:\/\/www.facebook.com\/conassoficial\">Conass Nacional<\/a>.<\/div>\n<\/div>\n<div id=\"fb-root\"><\/div>\n<p><script>\/\/ <![CDATA[\n(function(d, s, id) { var js, fjs = d.getElementsByTagName(s)[0]; if (d.getElementById(id)) return; js = d.createElement(s); js.id = id; js.src = \"\/\/connect.facebook.net\/pt_BR\/all.js#xfbml=1\"; fjs.parentNode.insertBefore(js, fjs); }(document, 'script', 'facebook-jssdk'));\n\/\/ ]]><\/script><\/p>\n<div class=\"fb-post\" data-href=\"https:\/\/www.facebook.com\/photo.php?fbid=650956921663992&amp;set=a.402958093130544.93523.402270773199276&amp;type=1\" data-width=\"466\">\n<div class=\"fb-xfbml-parse-ignore\"><a href=\"https:\/\/www.facebook.com\/photo.php?fbid=650956921663992&amp;set=a.402958093130544.93523.402270773199276&amp;type=1\">Publica\u00e7\u00e3o<\/a> by <a href=\"https:\/\/www.facebook.com\/conassoficial\">Conass Nacional<\/a>.<\/div>\n<\/div>\n<div id=\"fb-root\"><\/div>\n<p><script>\/\/ <![CDATA[\n(function(d, s, id) { var js, fjs = d.getElementsByTagName(s)[0]; if (d.getElementById(id)) return; js = d.createElement(s); js.id = id; js.src = \"\/\/connect.facebook.net\/pt_BR\/all.js#xfbml=1\"; fjs.parentNode.insertBefore(js, fjs); }(document, 'script', 'facebook-jssdk'));\n\/\/ ]]><\/script><\/p>\n<div class=\"fb-post\" data-href=\"https:\/\/www.facebook.com\/photo.php?fbid=650958364997181&amp;set=a.402958093130544.93523.402270773199276&amp;type=1\" data-width=\"466\">\n<div class=\"fb-xfbml-parse-ignore\"><a href=\"https:\/\/www.facebook.com\/photo.php?fbid=650958364997181&amp;set=a.402958093130544.93523.402270773199276&amp;type=1\">Publica\u00e7\u00e3o<\/a> by <a href=\"https:\/\/www.facebook.com\/conassoficial\">Conass Nacional<\/a>.<\/div>\n<\/div>\n<div id=\"fb-root\"><\/div>\n<p><script>\/\/ <![CDATA[\n(function(d, s, id) { var js, fjs = d.getElementsByTagName(s)[0]; if (d.getElementById(id)) return; js = d.createElement(s); js.id = id; js.src = \"\/\/connect.facebook.net\/pt_BR\/all.js#xfbml=1\"; fjs.parentNode.insertBefore(js, fjs); }(document, 'script', 'facebook-jssdk'));\n\/\/ ]]><\/script><\/p>\n<div class=\"fb-post\" data-href=\"https:\/\/www.facebook.com\/photo.php?fbid=653499571409727&amp;set=a.402958093130544.93523.402270773199276&amp;type=1\" data-width=\"466\">\n<div class=\"fb-xfbml-parse-ignore\"><a href=\"https:\/\/www.facebook.com\/photo.php?fbid=653499571409727&amp;set=a.402958093130544.93523.402270773199276&amp;type=1\">Publica\u00e7\u00e3o<\/a> by <a href=\"https:\/\/www.facebook.com\/conassoficial\">Conass Nacional<\/a>.<\/div>\n<\/div>\n<div id=\"fb-root\"><\/div>\n<p><script>\/\/ <![CDATA[\n(function(d, s, id) { var js, fjs = d.getElementsByTagName(s)[0]; if (d.getElementById(id)) return; js = d.createElement(s); js.id = id; js.src = \"\/\/connect.facebook.net\/pt_BR\/all.js#xfbml=1\"; fjs.parentNode.insertBefore(js, fjs); }(document, 'script', 'facebook-jssdk'));\n\/\/ ]]><\/script><\/p>\n<div class=\"fb-post\" data-href=\"https:\/\/www.facebook.com\/photo.php?fbid=654619927964358&amp;set=a.402958093130544.93523.402270773199276&amp;type=1\" data-width=\"466\">\n<div class=\"fb-xfbml-parse-ignore\"><a href=\"https:\/\/www.facebook.com\/photo.php?fbid=654619927964358&amp;set=a.402958093130544.93523.402270773199276&amp;type=1\">Publica\u00e7\u00e3o<\/a> by <a href=\"https:\/\/www.facebook.com\/conassoficial\">Conass Nacional<\/a>.<\/div>\n<\/div>\n","protected":false},"excerpt":{"rendered":"<p>. O predom\u00ednio das condi\u00e7\u00f5es cr\u00f4nicas e a necessidade de moderniza\u00e7\u00e3o dos sistemas de sa\u00fade, no Brasil e no mundo, s\u00e3o temas do 3\u00ba semin\u00e1rio CONASS Debate &nbsp; Uma crise est\u00e1 instalada nos setores p\u00fablicos e privados de sa\u00fade em todo o mundo, desencadeada por transi\u00e7\u00f5es que se alastram rapidamente, alterando a situa\u00e7\u00e3o de sa\u00fade [&hellip;]<\/p>\n","protected":false},"author":3,"featured_media":0,"parent":0,"menu_order":0,"comment_status":"open","ping_status":"open","template":"","meta":{"footnotes":""},"class_list":["post-299","page","type-page","status-publish","hentry"],"yoast_head":"<!-- This site is optimized with the Yoast SEO plugin v23.6 - https:\/\/yoast.com\/wordpress\/plugins\/seo\/ -->\n<title>CONASS DEBATE - A crise contempor\u00e2nea dos modelos de aten\u00e7\u00e3o \u00e0 sa\u00fade<\/title>\n<meta name=\"description\" content=\"O predom\u00ednio das condi\u00e7\u00f5es cr\u00f4nicas e a necessidade de moderniza\u00e7\u00e3o dos sistemas de sa\u00fade, no Brasil e no mundo, s\u00e3o temas do 3\u00ba semin\u00e1rio CONASS Debate\" \/>\n<meta name=\"robots\" content=\"index, follow, max-snippet:-1, max-image-preview:large, max-video-preview:-1\" \/>\n<link rel=\"canonical\" href=\"https:\/\/www.conass.org.br\/conassdebate\/?page_id=299\" \/>\n<meta property=\"og:locale\" content=\"pt_BR\" \/>\n<meta property=\"og:type\" content=\"article\" \/>\n<meta property=\"og:title\" content=\"CONASS DEBATE - A crise contempor\u00e2nea dos modelos de aten\u00e7\u00e3o \u00e0 sa\u00fade\" \/>\n<meta property=\"og:description\" content=\"O predom\u00ednio das condi\u00e7\u00f5es cr\u00f4nicas e a necessidade de moderniza\u00e7\u00e3o dos sistemas de sa\u00fade, no Brasil e no mundo, s\u00e3o temas do 3\u00ba semin\u00e1rio CONASS Debate\" \/>\n<meta property=\"og:url\" content=\"https:\/\/www.conass.org.br\/conassdebate\/?page_id=299\" \/>\n<meta property=\"og:site_name\" content=\"CONASS DEBATE\" \/>\n<meta property=\"article:publisher\" content=\"https:\/\/www.facebook.com\/conassoficial\" \/>\n<meta property=\"article:modified_time\" content=\"2014-07-18T15:53:49+00:00\" \/>\n<meta property=\"og:image\" content=\"http:\/\/www.conass.org.br\/conassdebate\/wp-content\/uploads\/2014\/04\/banner-rotativo-051-1024x335.png\" \/>\n<meta name=\"twitter:label1\" content=\"Est. tempo de leitura\" \/>\n\t<meta name=\"twitter:data1\" content=\"5 minutos\" \/>\n<script type=\"application\/ld+json\" class=\"yoast-schema-graph\">{\"@context\":\"https:\/\/schema.org\",\"@graph\":[{\"@type\":\"WebPage\",\"@id\":\"https:\/\/www.conass.org.br\/conassdebate\/?page_id=299\",\"url\":\"https:\/\/www.conass.org.br\/conassdebate\/?page_id=299\",\"name\":\"CONASS DEBATE - A crise contempor\u00e2nea dos modelos de aten\u00e7\u00e3o \u00e0 sa\u00fade\",\"isPartOf\":{\"@id\":\"https:\/\/www.conass.org.br\/conassdebate\/#website\"},\"primaryImageOfPage\":{\"@id\":\"https:\/\/www.conass.org.br\/conassdebate\/?page_id=299#primaryimage\"},\"image\":{\"@id\":\"https:\/\/www.conass.org.br\/conassdebate\/?page_id=299#primaryimage\"},\"thumbnailUrl\":\"http:\/\/www.conass.org.br\/conassdebate\/wp-content\/uploads\/2014\/04\/banner-rotativo-051-1024x335.png\",\"datePublished\":\"2014-04-10T11:33:58+00:00\",\"dateModified\":\"2014-07-18T15:53:49+00:00\",\"description\":\"O predom\u00ednio das condi\u00e7\u00f5es cr\u00f4nicas e a necessidade de moderniza\u00e7\u00e3o dos sistemas de sa\u00fade, no Brasil e no mundo, s\u00e3o temas do 3\u00ba semin\u00e1rio CONASS Debate\",\"inLanguage\":\"pt-BR\",\"potentialAction\":[{\"@type\":\"ReadAction\",\"target\":[\"https:\/\/www.conass.org.br\/conassdebate\/?page_id=299\"]}]},{\"@type\":\"ImageObject\",\"inLanguage\":\"pt-BR\",\"@id\":\"https:\/\/www.conass.org.br\/conassdebate\/?page_id=299#primaryimage\",\"url\":\"https:\/\/www.conass.org.br\/conassdebate\/wp-content\/uploads\/2014\/04\/banner-rotativo-051.png\",\"contentUrl\":\"https:\/\/www.conass.org.br\/conassdebate\/wp-content\/uploads\/2014\/04\/banner-rotativo-051.png\",\"width\":2292,\"height\":750},{\"@type\":\"WebSite\",\"@id\":\"https:\/\/www.conass.org.br\/conassdebate\/#website\",\"url\":\"https:\/\/www.conass.org.br\/conassdebate\/\",\"name\":\"CONASS DEBATE\",\"description\":\"Conass - Conselho Nacional dos Secret\u00e1rios de Sa\u00fadeo\",\"potentialAction\":[{\"@type\":\"SearchAction\",\"target\":{\"@type\":\"EntryPoint\",\"urlTemplate\":\"https:\/\/www.conass.org.br\/conassdebate\/?s={search_term_string}\"},\"query-input\":{\"@type\":\"PropertyValueSpecification\",\"valueRequired\":true,\"valueName\":\"search_term_string\"}}],\"inLanguage\":\"pt-BR\"}]}<\/script>\n<!-- \/ Yoast SEO plugin. -->","yoast_head_json":{"title":"CONASS DEBATE - A crise contempor\u00e2nea dos modelos de aten\u00e7\u00e3o \u00e0 sa\u00fade","description":"O predom\u00ednio das condi\u00e7\u00f5es cr\u00f4nicas e a necessidade de moderniza\u00e7\u00e3o dos sistemas de sa\u00fade, no Brasil e no mundo, s\u00e3o temas do 3\u00ba semin\u00e1rio CONASS Debate","robots":{"index":"index","follow":"follow","max-snippet":"max-snippet:-1","max-image-preview":"max-image-preview:large","max-video-preview":"max-video-preview:-1"},"canonical":"https:\/\/www.conass.org.br\/conassdebate\/?page_id=299","og_locale":"pt_BR","og_type":"article","og_title":"CONASS DEBATE - A crise contempor\u00e2nea dos modelos de aten\u00e7\u00e3o \u00e0 sa\u00fade","og_description":"O predom\u00ednio das condi\u00e7\u00f5es cr\u00f4nicas e a necessidade de moderniza\u00e7\u00e3o dos sistemas de sa\u00fade, no Brasil e no mundo, s\u00e3o temas do 3\u00ba semin\u00e1rio CONASS Debate","og_url":"https:\/\/www.conass.org.br\/conassdebate\/?page_id=299","og_site_name":"CONASS DEBATE","article_publisher":"https:\/\/www.facebook.com\/conassoficial","article_modified_time":"2014-07-18T15:53:49+00:00","og_image":[{"url":"http:\/\/www.conass.org.br\/conassdebate\/wp-content\/uploads\/2014\/04\/banner-rotativo-051-1024x335.png"}],"twitter_misc":{"Est. tempo de leitura":"5 minutos"},"schema":{"@context":"https:\/\/schema.org","@graph":[{"@type":"WebPage","@id":"https:\/\/www.conass.org.br\/conassdebate\/?page_id=299","url":"https:\/\/www.conass.org.br\/conassdebate\/?page_id=299","name":"CONASS DEBATE - A crise contempor\u00e2nea dos modelos de aten\u00e7\u00e3o \u00e0 sa\u00fade","isPartOf":{"@id":"https:\/\/www.conass.org.br\/conassdebate\/#website"},"primaryImageOfPage":{"@id":"https:\/\/www.conass.org.br\/conassdebate\/?page_id=299#primaryimage"},"image":{"@id":"https:\/\/www.conass.org.br\/conassdebate\/?page_id=299#primaryimage"},"thumbnailUrl":"http:\/\/www.conass.org.br\/conassdebate\/wp-content\/uploads\/2014\/04\/banner-rotativo-051-1024x335.png","datePublished":"2014-04-10T11:33:58+00:00","dateModified":"2014-07-18T15:53:49+00:00","description":"O predom\u00ednio das condi\u00e7\u00f5es cr\u00f4nicas e a necessidade de moderniza\u00e7\u00e3o dos sistemas de sa\u00fade, no Brasil e no mundo, s\u00e3o temas do 3\u00ba semin\u00e1rio CONASS Debate","inLanguage":"pt-BR","potentialAction":[{"@type":"ReadAction","target":["https:\/\/www.conass.org.br\/conassdebate\/?page_id=299"]}]},{"@type":"ImageObject","inLanguage":"pt-BR","@id":"https:\/\/www.conass.org.br\/conassdebate\/?page_id=299#primaryimage","url":"https:\/\/www.conass.org.br\/conassdebate\/wp-content\/uploads\/2014\/04\/banner-rotativo-051.png","contentUrl":"https:\/\/www.conass.org.br\/conassdebate\/wp-content\/uploads\/2014\/04\/banner-rotativo-051.png","width":2292,"height":750},{"@type":"WebSite","@id":"https:\/\/www.conass.org.br\/conassdebate\/#website","url":"https:\/\/www.conass.org.br\/conassdebate\/","name":"CONASS DEBATE","description":"Conass - Conselho Nacional dos Secret\u00e1rios de Sa\u00fadeo","potentialAction":[{"@type":"SearchAction","target":{"@type":"EntryPoint","urlTemplate":"https:\/\/www.conass.org.br\/conassdebate\/?s={search_term_string}"},"query-input":{"@type":"PropertyValueSpecification","valueRequired":true,"valueName":"search_term_string"}}],"inLanguage":"pt-BR"}]}},"_links":{"self":[{"href":"https:\/\/www.conass.org.br\/conassdebate\/index.php?rest_route=\/wp\/v2\/pages\/299"}],"collection":[{"href":"https:\/\/www.conass.org.br\/conassdebate\/index.php?rest_route=\/wp\/v2\/pages"}],"about":[{"href":"https:\/\/www.conass.org.br\/conassdebate\/index.php?rest_route=\/wp\/v2\/types\/page"}],"author":[{"embeddable":true,"href":"https:\/\/www.conass.org.br\/conassdebate\/index.php?rest_route=\/wp\/v2\/users\/3"}],"replies":[{"embeddable":true,"href":"https:\/\/www.conass.org.br\/conassdebate\/index.php?rest_route=%2Fwp%2Fv2%2Fcomments&post=299"}],"version-history":[{"count":15,"href":"https:\/\/www.conass.org.br\/conassdebate\/index.php?rest_route=\/wp\/v2\/pages\/299\/revisions"}],"predecessor-version":[{"id":375,"href":"https:\/\/www.conass.org.br\/conassdebate\/index.php?rest_route=\/wp\/v2\/pages\/299\/revisions\/375"}],"wp:attachment":[{"href":"https:\/\/www.conass.org.br\/conassdebate\/index.php?rest_route=%2Fwp%2Fv2%2Fmedia&parent=299"}],"curies":[{"name":"wp","href":"https:\/\/api.w.org\/{rel}","templated":true}]}}