{"id":425,"date":"2015-08-31T11:54:22","date_gmt":"2015-08-31T11:54:22","guid":{"rendered":"http:\/\/www.conass.org.br\/conassdebate\/?page_id=425"},"modified":"2015-08-31T11:54:22","modified_gmt":"2015-08-31T11:54:22","slug":"inovacao-na-atencao-ambulatorial-especializada","status":"publish","type":"page","link":"https:\/\/www.conass.org.br\/conassdebate\/?page_id=425","title":{"rendered":"Inova\u00e7\u00e3o na Aten\u00e7\u00e3o Ambulatorial Especializada"},"content":{"rendered":"<p>O diagn\u00f3stico recorrente \u00e9 de que esta aten\u00e7\u00e3o se configura um gargalo do Sistema \u00danico de Sa\u00fade (SUS) pela insufici\u00eancia de oferta, frequentemente chamada de \u201cvazio assistencial da m\u00e9dia complexidade\u201d. Mas quando a decis\u00e3o \u00e9 melhorar o atendimento especializado de sa\u00fade, outros tantos desafios est\u00e3o postos, assim como alternativas de solu\u00e7\u00f5es que est\u00e3o dando certo em diversos estados e munic\u00edpios brasileiros.<\/p>\n<p>Imagine um Centro de Especialidades para onde as pessoas portadoras de doen\u00e7as cr\u00f4nicas s\u00e3o encaminhadas, ap\u00f3s a estratifica\u00e7\u00e3o de risco feita pela Aten\u00e7\u00e3o Prim\u00e1ria \u00e0 Sa\u00fade (APS), para que tenham sua situa\u00e7\u00e3o avaliada por uma equipe multiprofissional. Ap\u00f3s a avalia\u00e7\u00e3o, essas pessoas, hipertensas e diab\u00e9ticas, por exemplo, com um plano de cuidado tra\u00e7ado pela equipe de sa\u00fade, voltam a ser acompanhadas pela APS. Neste modelo, o especialista e o generalista se comunicam rotineiramente, seja por telefone ou mensagens de WhatsApp, tratando conjuntamente destes cidad\u00e3os.<\/p>\n<p>Agora, imagine que estes mesmos doentes cr\u00f4nicos se consultem com o cardiologista ou endocrinologista, gra\u00e7as a vagas ofertadas pela central de regula\u00e7\u00e3o. E que, quando precisarem novamente de uma consulta, provavelmente ela n\u00e3o ser\u00e1 com o mesmo profissional m\u00e9dico. Com uma receita ou pedido de exame nas m\u00e3os, esses usu\u00e1rios, mais uma vez, entrar\u00e3o na fila, seja para se consultar com outro especialista, para pegar um medicamento ou para realizar algum exame.<\/p>\n<p>O diagn\u00f3stico recorrente de que a Aten\u00e7\u00e3o Especializada se configura um gargalo do SUS pela insufici\u00eancia de oferta \u00e9 equivocado, de acordo com o especialista em Planejamento de Sistema de Sa\u00fade, Eug\u00eanio Vila\u00e7a. \u201cN\u00e3o \u00e9 o \u2018vazio assistencial\u2019 o principal problema da Aten\u00e7\u00e3o Especializada no Brasil, mas o vazio cognitivo, ou seja, o desconhecimento de pr\u00e1ticas que comprovam a possibilidade de um atendimento diferenciado aos que necessitam do especialista\u201d. Vila\u00e7a explica que, mesmo havendo car\u00eancia na oferta de algumas especialidades, experi\u00eancias demonstram que os \u201cvazios\u201d podem ser superados com novas formas de organiza\u00e7\u00e3o das rela\u00e7\u00f5es entre a Aten\u00e7\u00e3o Prim\u00e1ria \u00e0 Sa\u00fade e a Aten\u00e7\u00e3o Especializada sem aumentar, necessariamente, a oferta de servi\u00e7os.<\/p>\n<p>Autor de tr\u00eas livros que tratam da Aten\u00e7\u00e3o Prim\u00e1ria \u00e0 Sa\u00fade, das Redes de Aten\u00e7\u00e3o \u00e0 Sa\u00fade e das Condi\u00e7\u00f5es Cr\u00f4nicas, o especialista em Planejamento de Sistema de Sa\u00fade, Eug\u00eanio Vila\u00e7a, esclarece que a Aten\u00e7\u00e3o Prim\u00e1ria \u00e0 Sa\u00fade, quando organizada adequadamente, pode acolher 75% dos portadores de doen\u00e7as cr\u00f4nicas. \u201cCom a devida organiza\u00e7\u00e3o, a APS faz a estratifica\u00e7\u00e3o de risco do paciente e, se necess\u00e1rio, ele ser\u00e1 encaminhado para um Centro de Especialidades onde n\u00e3o ter\u00e1 apenas uma consulta m\u00e9dica, mas uma avalia\u00e7\u00e3o interdisciplinar. Esse modelo \u00e9 muito diferente do atendimento especializado prevalecente nos dias de hoje, em que o cidad\u00e3o procura o m\u00e9dico para se consultar e fazer exames\u201d, argumenta o especialista.<\/p>\n<p>O quinto semin\u00e1rio do projeto CONASS Debate tratar\u00e1 do tema: Inova\u00e7\u00e3o na Aten\u00e7\u00e3o Ambulatorial Especializada. Ser\u00e3o abordados, entre outros aspectos, as alternativas de enfrentamento dos problemas vivenciados pelos gestores, bem como a apresenta\u00e7\u00e3o de experi\u00eancias exitosas e pol\u00edticas de organiza\u00e7\u00e3o da Aten\u00e7\u00e3o Ambulatorial Especializada no Brasil.<\/p>\n<p>Confira abaixo a programa\u00e7\u00e3o do evento:<\/p>\n<p>&nbsp;<\/p>\n<p><strong>PROGRAMA\u00c7\u00c3O<\/strong><\/p>\n<p>&nbsp;<\/p>\n<p>APRESENTA\u00c7\u00c3O DO SEMIN\u00c1RIO E MEDIA\u00c7\u00c3O DOS DEBATES<\/p>\n<p>Renato Farias \u2013 Canal Sa\u00fade\/Fiocruz<\/p>\n<p>&nbsp;<\/p>\n<p>09h30 \u2013 MESA DE ABERTURA<\/p>\n<ul>\n<li>Jo\u00e3o Gabbardo dos Reis \u2013 presidente do Conselho Nacional de Secret\u00e1rios Estaduais de Sa\u00fade (CONASS)<\/li>\n<li>Joaqu\u00edn Molina \u2013 representante da Organiza\u00e7\u00e3o Pan-Americana da Sa\u00fade (Opas) no Brasil<\/li>\n<li>Jos\u00e9 Fernando Casquel Monti \u2013 presidente do Conselho Nacional de Secretarias Municipais de Sa\u00fade (Conasems)<\/li>\n<li>Maria do Socorro de Souza \u2013 presidente do Conselho Nacional de Sa\u00fade (CNS)<\/li>\n<li>Arthur Chioro \u2013 ministro de Estado da Sa\u00fade<\/li>\n<\/ul>\n<p>&nbsp;<\/p>\n<p>10h30 \u2013 PALESTRA DE ABERTURA<\/p>\n<ul>\n<li>Arthur Chioro \u2013 ministro de Estado da Sa\u00fade<\/li>\n<\/ul>\n<p>&nbsp;<\/p>\n<p>11h30 \u2013 OS LABORAT\u00d3RIOS DE INOVA\u00c7\u00c3O DO CONASS<\/p>\n<ul>\n<li>Rita Cataneli \u2013 coordenadora dos N\u00facleos T\u00e9cnicos do CONASS<\/li>\n<\/ul>\n<p>&nbsp;<\/p>\n<p>12h00 \u2013 ALMO\u00c7O<\/p>\n<p>13h30 \u2013 EXPERI\u00caNCIAS NA ATEN\u00c7\u00c3O AMBULATORIAL ESPECIALIZADA<\/p>\n<p>\u2013 A experi\u00eancia de Maring\u00e1, Paran\u00e1<\/p>\n<ul>\n<li>Marise Dalcuche \u2013 diretora geral do N\u00facleo de Descentraliza\u00e7\u00e3o do SUS na SES\/PR<\/li>\n<li>Michelle Caputo Neto \u2013 secret\u00e1rio de Estado da Sa\u00fade do Paran\u00e1<\/li>\n<\/ul>\n<p>\u2013 A experi\u00eancia de Tau\u00e1, Cear\u00e1<\/p>\n<ul>\n<li>Patr\u00edcia Pequeno Costa Gomes de Aguiar \u2013 prefeita de Tau\u00e1\/CE<\/li>\n<li>Henrique Jorge Javi De Sousa \u2013 secret\u00e1rio de Estado da Sa\u00fade do Cear\u00e1<\/li>\n<\/ul>\n<p>\u2013 A experi\u00eancia de Santo Ant\u00f4nio do Monte, Minas Gerais<\/p>\n<ul>\n<li>Wilmar de Oliveira Filho \u2013 Laborat\u00f3rio de Inova\u00e7\u00f5es de Aten\u00e7\u00e3o \u00e0s Condi\u00e7\u00f5es Cr\u00f4nicas (Liacc) de Santo Ant\u00f4nio do Monte\/MG<\/li>\n<li>Fausto Pereira dos Santos \u2013 secret\u00e1rio de Estado da Sa\u00fade de Minas Gerais<\/li>\n<\/ul>\n<p>&nbsp;<\/p>\n<p>15h30 \u2013 DEBATE<\/p>\n<ul>\n<li>Ana Paula Menezes \u2013 secretaria executiva do Minist\u00e9rio da Sa\u00fade<\/li>\n<li>Luiz Facchini \u2013 conselheiro da Associa\u00e7\u00e3o Brasileira de Sa\u00fade Coletiva (Abrasco)<\/li>\n<li>Renilson Rehem \u2013 coordenador T\u00e9cnico do projeto CONASS Debate<\/li>\n<\/ul>\n<p>&nbsp;<\/p>\n<p>17h00 \u2013 ENCERRAMENTO<\/p>\n","protected":false},"excerpt":{"rendered":"<p>O diagn\u00f3stico recorrente \u00e9 de que esta aten\u00e7\u00e3o se configura um gargalo do Sistema \u00danico de Sa\u00fade (SUS) pela insufici\u00eancia de oferta, frequentemente chamada de \u201cvazio assistencial da m\u00e9dia complexidade\u201d. Mas quando a decis\u00e3o \u00e9 melhorar o atendimento especializado de sa\u00fade, outros tantos desafios est\u00e3o postos, assim como alternativas de solu\u00e7\u00f5es que est\u00e3o dando certo [&hellip;]<\/p>\n","protected":false},"author":3,"featured_media":0,"parent":0,"menu_order":0,"comment_status":"open","ping_status":"open","template":"","meta":{"footnotes":""},"class_list":["post-425","page","type-page","status-publish","hentry"],"yoast_head":"<!-- This site is optimized with the Yoast SEO plugin v23.6 - https:\/\/yoast.com\/wordpress\/plugins\/seo\/ -->\n<title>Inova\u00e7\u00e3o na Aten\u00e7\u00e3o Ambulatorial Especializada - CONASS DEBATE<\/title>\n<meta name=\"robots\" content=\"index, follow, max-snippet:-1, max-image-preview:large, max-video-preview:-1\" \/>\n<link rel=\"canonical\" href=\"https:\/\/www.conass.org.br\/conassdebate\/?page_id=425\" \/>\n<meta property=\"og:locale\" content=\"pt_BR\" \/>\n<meta property=\"og:type\" content=\"article\" \/>\n<meta property=\"og:title\" content=\"Inova\u00e7\u00e3o na Aten\u00e7\u00e3o Ambulatorial Especializada - CONASS DEBATE\" \/>\n<meta property=\"og:description\" content=\"O diagn\u00f3stico recorrente \u00e9 de que esta aten\u00e7\u00e3o se configura um gargalo do Sistema \u00danico de Sa\u00fade (SUS) pela insufici\u00eancia de oferta, frequentemente chamada de \u201cvazio assistencial da m\u00e9dia complexidade\u201d. Mas quando a decis\u00e3o \u00e9 melhorar o atendimento especializado de sa\u00fade, outros tantos desafios est\u00e3o postos, assim como alternativas de solu\u00e7\u00f5es que est\u00e3o dando certo [&hellip;]\" \/>\n<meta property=\"og:url\" content=\"https:\/\/www.conass.org.br\/conassdebate\/?page_id=425\" \/>\n<meta property=\"og:site_name\" content=\"CONASS DEBATE\" \/>\n<meta property=\"article:publisher\" content=\"https:\/\/www.facebook.com\/conassoficial\" \/>\n<meta property=\"og:image\" content=\"https:\/\/www.conass.org.br\/conassdebate\/wp-content\/uploads\/2013\/09\/conass_fb_ig_avatar.jpg\" \/>\n\t<meta property=\"og:image:width\" content=\"612\" \/>\n\t<meta property=\"og:image:height\" content=\"612\" \/>\n\t<meta property=\"og:image:type\" content=\"image\/jpeg\" \/>\n<meta name=\"twitter:label1\" content=\"Est. tempo de leitura\" \/>\n\t<meta name=\"twitter:data1\" content=\"4 minutos\" \/>\n<script type=\"application\/ld+json\" class=\"yoast-schema-graph\">{\"@context\":\"https:\/\/schema.org\",\"@graph\":[{\"@type\":\"WebPage\",\"@id\":\"https:\/\/www.conass.org.br\/conassdebate\/?page_id=425\",\"url\":\"https:\/\/www.conass.org.br\/conassdebate\/?page_id=425\",\"name\":\"Inova\u00e7\u00e3o na Aten\u00e7\u00e3o Ambulatorial Especializada - CONASS DEBATE\",\"isPartOf\":{\"@id\":\"https:\/\/www.conass.org.br\/conassdebate\/#website\"},\"datePublished\":\"2015-08-31T11:54:22+00:00\",\"dateModified\":\"2015-08-31T11:54:22+00:00\",\"inLanguage\":\"pt-BR\",\"potentialAction\":[{\"@type\":\"ReadAction\",\"target\":[\"https:\/\/www.conass.org.br\/conassdebate\/?page_id=425\"]}]},{\"@type\":\"WebSite\",\"@id\":\"https:\/\/www.conass.org.br\/conassdebate\/#website\",\"url\":\"https:\/\/www.conass.org.br\/conassdebate\/\",\"name\":\"CONASS DEBATE\",\"description\":\"Conass - Conselho Nacional dos Secret\u00e1rios de Sa\u00fadeo\",\"potentialAction\":[{\"@type\":\"SearchAction\",\"target\":{\"@type\":\"EntryPoint\",\"urlTemplate\":\"https:\/\/www.conass.org.br\/conassdebate\/?s={search_term_string}\"},\"query-input\":{\"@type\":\"PropertyValueSpecification\",\"valueRequired\":true,\"valueName\":\"search_term_string\"}}],\"inLanguage\":\"pt-BR\"}]}<\/script>\n<!-- \/ Yoast SEO plugin. -->","yoast_head_json":{"title":"Inova\u00e7\u00e3o na Aten\u00e7\u00e3o Ambulatorial Especializada - CONASS DEBATE","robots":{"index":"index","follow":"follow","max-snippet":"max-snippet:-1","max-image-preview":"max-image-preview:large","max-video-preview":"max-video-preview:-1"},"canonical":"https:\/\/www.conass.org.br\/conassdebate\/?page_id=425","og_locale":"pt_BR","og_type":"article","og_title":"Inova\u00e7\u00e3o na Aten\u00e7\u00e3o Ambulatorial Especializada - CONASS DEBATE","og_description":"O diagn\u00f3stico recorrente \u00e9 de que esta aten\u00e7\u00e3o se configura um gargalo do Sistema \u00danico de Sa\u00fade (SUS) pela insufici\u00eancia de oferta, frequentemente chamada de \u201cvazio assistencial da m\u00e9dia complexidade\u201d. Mas quando a decis\u00e3o \u00e9 melhorar o atendimento especializado de sa\u00fade, outros tantos desafios est\u00e3o postos, assim como alternativas de solu\u00e7\u00f5es que est\u00e3o dando certo [&hellip;]","og_url":"https:\/\/www.conass.org.br\/conassdebate\/?page_id=425","og_site_name":"CONASS DEBATE","article_publisher":"https:\/\/www.facebook.com\/conassoficial","og_image":[{"width":612,"height":612,"url":"https:\/\/www.conass.org.br\/conassdebate\/wp-content\/uploads\/2013\/09\/conass_fb_ig_avatar.jpg","type":"image\/jpeg"}],"twitter_misc":{"Est. tempo de leitura":"4 minutos"},"schema":{"@context":"https:\/\/schema.org","@graph":[{"@type":"WebPage","@id":"https:\/\/www.conass.org.br\/conassdebate\/?page_id=425","url":"https:\/\/www.conass.org.br\/conassdebate\/?page_id=425","name":"Inova\u00e7\u00e3o na Aten\u00e7\u00e3o Ambulatorial Especializada - CONASS DEBATE","isPartOf":{"@id":"https:\/\/www.conass.org.br\/conassdebate\/#website"},"datePublished":"2015-08-31T11:54:22+00:00","dateModified":"2015-08-31T11:54:22+00:00","inLanguage":"pt-BR","potentialAction":[{"@type":"ReadAction","target":["https:\/\/www.conass.org.br\/conassdebate\/?page_id=425"]}]},{"@type":"WebSite","@id":"https:\/\/www.conass.org.br\/conassdebate\/#website","url":"https:\/\/www.conass.org.br\/conassdebate\/","name":"CONASS DEBATE","description":"Conass - Conselho Nacional dos Secret\u00e1rios de Sa\u00fadeo","potentialAction":[{"@type":"SearchAction","target":{"@type":"EntryPoint","urlTemplate":"https:\/\/www.conass.org.br\/conassdebate\/?s={search_term_string}"},"query-input":{"@type":"PropertyValueSpecification","valueRequired":true,"valueName":"search_term_string"}}],"inLanguage":"pt-BR"}]}},"_links":{"self":[{"href":"https:\/\/www.conass.org.br\/conassdebate\/index.php?rest_route=\/wp\/v2\/pages\/425"}],"collection":[{"href":"https:\/\/www.conass.org.br\/conassdebate\/index.php?rest_route=\/wp\/v2\/pages"}],"about":[{"href":"https:\/\/www.conass.org.br\/conassdebate\/index.php?rest_route=\/wp\/v2\/types\/page"}],"author":[{"embeddable":true,"href":"https:\/\/www.conass.org.br\/conassdebate\/index.php?rest_route=\/wp\/v2\/users\/3"}],"replies":[{"embeddable":true,"href":"https:\/\/www.conass.org.br\/conassdebate\/index.php?rest_route=%2Fwp%2Fv2%2Fcomments&post=425"}],"version-history":[{"count":1,"href":"https:\/\/www.conass.org.br\/conassdebate\/index.php?rest_route=\/wp\/v2\/pages\/425\/revisions"}],"predecessor-version":[{"id":426,"href":"https:\/\/www.conass.org.br\/conassdebate\/index.php?rest_route=\/wp\/v2\/pages\/425\/revisions\/426"}],"wp:attachment":[{"href":"https:\/\/www.conass.org.br\/conassdebate\/index.php?rest_route=%2Fwp%2Fv2%2Fmedia&parent=425"}],"curies":[{"name":"wp","href":"https:\/\/api.w.org\/{rel}","templated":true}]}}