{"id":450,"date":"2017-05-02T17:30:56","date_gmt":"2017-05-02T17:30:56","guid":{"rendered":"http:\/\/www.conass.org.br\/conassdebate\/?page_id=450"},"modified":"2017-05-10T15:46:34","modified_gmt":"2017-05-10T15:46:34","slug":"seminario-internacional-sobre-seguranca-no-transito","status":"publish","type":"page","link":"https:\/\/www.conass.org.br\/conassdebate\/?page_id=450","title":{"rendered":"Semin\u00e1rio Internacional sobre Seguran\u00e7a no Tr\u00e2nsito"},"content":{"rendered":"<h3 class=\"title-pagina\" style=\"color: #000000;\"><\/h3>\n<p class=\"p2\"><span class=\"s1\">O volume e a gravidade dos acidentes de tr\u00e2nsito afetam diretamente os sistemas de sa\u00fade e suas redes assistenciais, desde o atendimento pr\u00e9-hospitalar at\u00e9 a reabilita\u00e7\u00e3o. Considerando a import\u00e2ncia social e econ\u00f4mica desta tem\u00e1tica, o Conass ir\u00e1 realizar nos dias 25 e 26 de abril de 2017 o Semin\u00e1rio Internacional sobre Seguran\u00e7a no Tr\u00e2nsito, com a participa\u00e7\u00e3o de palestrantes do Brasil, Argentina, Canad\u00e1, Portugal, Fran\u00e7a e Espanha, que apresentar\u00e3o estrat\u00e9gias e a\u00e7\u00f5es adotadas para a promo\u00e7\u00e3o da seguran\u00e7a no tr\u00e2nsito e redu\u00e7\u00e3o da mortalidade e morbidade em seus pa\u00edses.<\/span><\/p>\n<p class=\"p2\"><span class=\"s1\">No Brasil, as mortes no tr\u00e2nsito vem crescendo nos \u00faltimos anos, conforme revela o \u201cPlano Nacional de Redu\u00e7\u00e3o de Acidentes e Seguran\u00e7a Vi\u00e1ria para a D\u00e9cada 2011-2020\u201d, do Minist\u00e9rio das Cidades. Em 2012, segundo o \u201cRetrato da seguran\u00e7a vi\u00e1ria no Brasil 2014\u201d, do Observat\u00f3rio Nacional de Seguran\u00e7a Vi\u00e1ria, mais de 45 mil pessoas morriam no Brasil em consequ\u00eancia de acidentes (39% a mais do registrado dez anos antes e 5% a mais do que no ano de 2010). Isso significa 23,6 v\u00edtimas fatais a cada 100 mil habitantes, um \u00f3bito a cada 12 minutos. A quantidade de feridos em 2012 chegou a 177.487 pessoas.<\/span><\/p>\n<p class=\"p2\"><span class=\"s1\">O evento reunir\u00e1 representantes de organiza\u00e7\u00f5es sociais que atuam na seguran\u00e7a no tr\u00e2nsito; do Samu (Servi\u00e7o de Atendimento M\u00f3vel de Urg\u00eancia); Detran (Departamentos de Tr\u00e2nsito); Corpo de Bombeiros e Pol\u00edcias Militar e Rodovi\u00e1ria de todo o pa\u00eds, al\u00e9m de parlamentares, t\u00e9cnicos e dirigentes dos minist\u00e9rios da Sa\u00fade, Transportes, Educa\u00e7\u00e3o, Cidades, al\u00e9m de gestores da sa\u00fade e t\u00e9cnicos das secretarias de sa\u00fade de todo o pa\u00eds.<\/span><\/p>\n<p class=\"p5\"><span class=\"s1\"><b>Semin\u00e1rio Internacional sobre Seguran\u00e7a no Tr\u00e2nsito<\/b><\/span><\/p>\n<p class=\"p2\"><span class=\"s1\">Data: 25 e 26 de abril de 2017<\/span><\/p>\n<p class=\"p2\"><span class=\"s1\">Hor\u00e1rio: 25 de abril \u2013 das 14h \u00e0s 18h \/ 26 de abril \u2013 das 9h \u00e0s 13h<\/span><\/p>\n<p class=\"p2\"><span class=\"s1\">Local: Carlton Hotel \u2013 Setor Hoteleiro Sul Quadra 5 Bloco G, Asa Sul, Bras\u00edlia\/DF<\/span><\/p>\n<p class=\"p2\" style=\"text-align: center;\"><span class=\"s1\"><b>PROGRAMA<\/b><\/span><\/p>\n<p><strong>25 DE ABRIL DE 2017 \/ TER\u00c7A-FEIRA<\/strong><\/p>\n<p><strong>14h<\/strong>\u00a0\u2013 Abertura<\/p>\n<p><strong>14h30<\/strong>\u00a0\u2013 A situa\u00e7\u00e3o do Brasil e da Argentina com rela\u00e7\u00e3o aos acidentes de tr\u00e2nsito<\/p>\n<p>Palestrante: Julio Jacobo Waiselfisz, autor do estudo \u201cMapa da Viol\u00eancia 2013: Acidentes de Tr\u00e2nsito e Motocicleta\u201d<\/p>\n<p><strong>15h<\/strong>\u00a0\u2013 A evolu\u00e7\u00e3o da seguran\u00e7a no tr\u00e2nsito no Qu\u00e9bec e no Canad\u00e1.<\/p>\n<p>Palestrante: Ethienne Blais, professor de Criminologia da Universidade de Montr\u00e9al e integrante da equipe do Instituto Nacional de Sa\u00fade P\u00fablica do Qu\u00e9bec, que trabalha o tema de Seguran\u00e7a no Tr\u00e2nsito<\/p>\n<p><strong>15h30<\/strong>\u00a0\u2013 Intervalo<\/p>\n<p><strong>15h45<\/strong>\u00a0\u2013 A evolu\u00e7\u00e3o da seguran\u00e7a no tr\u00e2nsito em Portugal<\/p>\n<p>Palestrante: Greg\u00f3ria Paix\u00e3o von Amann, coordenadora do Programa Nacional de Preven\u00e7\u00e3o de Acidentes, Minist\u00e9rio da Sa\u00fade de Portugal<\/p>\n<p><strong>16h15<\/strong>\u00a0\u2013 A evolu\u00e7\u00e3o da seguran\u00e7a no tr\u00e2nsito na Fran\u00e7a<\/p>\n<p>Palestrante: Jean-Pascal Assailly, pesquisador do Instituto Franc\u00eas das Ci\u00eancias e Tecnologias dos Transportes, Terra e Redes (IFSTTAR)<\/p>\n<p><strong>16h45<\/strong>\u00a0\u2013 A evolu\u00e7\u00e3o da seguran\u00e7a no tr\u00e2nsito na Espanha<\/p>\n<p>Palestrante: Francisco Javier Villalba, chefe da Unidade de Ordena\u00e7\u00e3o Normativa da Dire\u00e7\u00e3o Geral de Tr\u00e1fego da Espanha<\/p>\n<p><strong>17h15<\/strong>\u00a0\u2013 Debate<\/p>\n<p><strong>18h<\/strong>\u00a0\u2013 Encerramento<\/p>\n<p>&nbsp;<\/p>\n<p><strong>26 DE ABRIL DE 2017\/ QUARTA-FEIRA<\/strong><\/p>\n<p><strong>9h<\/strong>\u00a0\u2013 A experi\u00eancia do estado de Pernambuco no combate \u00e0 morbimortalidade dos acidentes de tr\u00e2nsito<\/p>\n<p>Palestrante: Jos\u00e9 Iran Costa J\u00fanior, secret\u00e1rio de Estado da Sa\u00fade de Pernambuco<\/p>\n<p><strong>09h40 \u00e0s 10h<\/strong>\u00a0\u2013 Debate<\/p>\n<p><strong>10h<\/strong>\u00a0\u2013 O impacto dos acidentes de tr\u00e2nsito no sistema de sa\u00fade<\/p>\n<p>Palestrante: Ant\u00f4nio Carlos F. Nardi, secret\u00e1rio executivo do Minist\u00e9rio da Sa\u00fade do Brasil<\/p>\n<p><strong>10h40 \u00e0s 11h<\/strong>\u00a0\u2013 Debate<\/p>\n<p><strong>11h<\/strong>\u00a0\u2013 Intervalo<\/p>\n<p><strong>11h15<\/strong>\u00a0\u2013 A a\u00e7\u00e3o do legislador na defesa e promo\u00e7\u00e3o do Tr\u00e2nsito Seguro<\/p>\n<p>Palestrante: Jerry A. Dias, assessor Parlamentar do Deputado Federal Hugo Leal, presidente da Comiss\u00e3o Parlamentar em Defesa do Tr\u00e2nsito Seguro<\/p>\n<p><strong>11h55 \u00e0s 12h30<\/strong>\u00a0\u2013 Debate<\/p>\n<p><strong>12h30 \u00e0s 13h<\/strong>\u00a0\u2013 S\u00edntese, coment\u00e1rios finais e encerramento<\/p>\n<p style=\"text-align: center;\"><strong>V\u00cdDEOS<\/strong><\/p>\n<p><iframe loading=\"lazy\" src=\"https:\/\/www.youtube.com\/embed\/SRJJ7hoR0Q4?rel=0\" width=\"560\" height=\"315\" frameborder=\"0\" allowfullscreen=\"allowfullscreen\"><\/iframe><\/p>\n<p>&nbsp;<\/p>\n<p><iframe loading=\"lazy\" src=\"https:\/\/www.youtube.com\/embed\/GZKfCvdObQw?rel=0\" width=\"560\" height=\"315\" frameborder=\"0\" allowfullscreen=\"allowfullscreen\"><\/iframe><\/p>\n<p>&nbsp;<\/p>\n<p style=\"text-align: center;\"><a href=\"http:\/\/pt.slideshare.net\/CONASS\/presentations\" target=\"_blank\"><strong>APRESENTA\u00c7\u00d5ES<\/strong><\/a><\/p>\n<p>&nbsp;<\/p>\n","protected":false},"excerpt":{"rendered":"<p>O volume e a gravidade dos acidentes de tr\u00e2nsito afetam diretamente os sistemas de sa\u00fade e suas redes assistenciais, desde o atendimento pr\u00e9-hospitalar at\u00e9 a reabilita\u00e7\u00e3o. Considerando a import\u00e2ncia social e econ\u00f4mica desta tem\u00e1tica, o Conass ir\u00e1 realizar nos dias 25 e 26 de abril de 2017 o Semin\u00e1rio Internacional sobre Seguran\u00e7a no Tr\u00e2nsito, com [&hellip;]<\/p>\n","protected":false},"author":3,"featured_media":0,"parent":0,"menu_order":0,"comment_status":"open","ping_status":"open","template":"","meta":{"footnotes":""},"class_list":["post-450","page","type-page","status-publish","hentry"],"yoast_head":"<!-- This site is optimized with the Yoast SEO plugin v23.6 - https:\/\/yoast.com\/wordpress\/plugins\/seo\/ -->\n<title>Semin\u00e1rio Internacional sobre Seguran\u00e7a no Tr\u00e2nsito - CONASS DEBATE<\/title>\n<meta name=\"robots\" content=\"index, follow, max-snippet:-1, max-image-preview:large, max-video-preview:-1\" \/>\n<link rel=\"canonical\" href=\"https:\/\/www.conass.org.br\/conassdebate\/?page_id=450\" \/>\n<meta property=\"og:locale\" content=\"pt_BR\" \/>\n<meta property=\"og:type\" content=\"article\" \/>\n<meta property=\"og:title\" content=\"Semin\u00e1rio Internacional sobre Seguran\u00e7a no Tr\u00e2nsito - CONASS DEBATE\" \/>\n<meta property=\"og:description\" content=\"O volume e a gravidade dos acidentes de tr\u00e2nsito afetam diretamente os sistemas de sa\u00fade e suas redes assistenciais, desde o atendimento pr\u00e9-hospitalar at\u00e9 a reabilita\u00e7\u00e3o. Considerando a import\u00e2ncia social e econ\u00f4mica desta tem\u00e1tica, o Conass ir\u00e1 realizar nos dias 25 e 26 de abril de 2017 o Semin\u00e1rio Internacional sobre Seguran\u00e7a no Tr\u00e2nsito, com [&hellip;]\" \/>\n<meta property=\"og:url\" content=\"https:\/\/www.conass.org.br\/conassdebate\/?page_id=450\" \/>\n<meta property=\"og:site_name\" content=\"CONASS DEBATE\" \/>\n<meta property=\"article:publisher\" content=\"https:\/\/www.facebook.com\/conassoficial\" \/>\n<meta property=\"article:modified_time\" content=\"2017-05-10T15:46:34+00:00\" \/>\n<meta property=\"og:image\" content=\"https:\/\/www.conass.org.br\/conassdebate\/wp-content\/uploads\/2013\/09\/conass_fb_ig_avatar.jpg\" \/>\n\t<meta property=\"og:image:width\" content=\"612\" \/>\n\t<meta property=\"og:image:height\" content=\"612\" \/>\n\t<meta property=\"og:image:type\" content=\"image\/jpeg\" \/>\n<meta name=\"twitter:label1\" content=\"Est. tempo de leitura\" \/>\n\t<meta name=\"twitter:data1\" content=\"3 minutos\" \/>\n<script type=\"application\/ld+json\" class=\"yoast-schema-graph\">{\"@context\":\"https:\/\/schema.org\",\"@graph\":[{\"@type\":\"WebPage\",\"@id\":\"https:\/\/www.conass.org.br\/conassdebate\/?page_id=450\",\"url\":\"https:\/\/www.conass.org.br\/conassdebate\/?page_id=450\",\"name\":\"Semin\u00e1rio Internacional sobre Seguran\u00e7a no Tr\u00e2nsito - CONASS DEBATE\",\"isPartOf\":{\"@id\":\"https:\/\/www.conass.org.br\/conassdebate\/#website\"},\"datePublished\":\"2017-05-02T17:30:56+00:00\",\"dateModified\":\"2017-05-10T15:46:34+00:00\",\"inLanguage\":\"pt-BR\",\"potentialAction\":[{\"@type\":\"ReadAction\",\"target\":[\"https:\/\/www.conass.org.br\/conassdebate\/?page_id=450\"]}]},{\"@type\":\"WebSite\",\"@id\":\"https:\/\/www.conass.org.br\/conassdebate\/#website\",\"url\":\"https:\/\/www.conass.org.br\/conassdebate\/\",\"name\":\"CONASS DEBATE\",\"description\":\"Conass - Conselho Nacional dos Secret\u00e1rios de Sa\u00fadeo\",\"potentialAction\":[{\"@type\":\"SearchAction\",\"target\":{\"@type\":\"EntryPoint\",\"urlTemplate\":\"https:\/\/www.conass.org.br\/conassdebate\/?s={search_term_string}\"},\"query-input\":{\"@type\":\"PropertyValueSpecification\",\"valueRequired\":true,\"valueName\":\"search_term_string\"}}],\"inLanguage\":\"pt-BR\"}]}<\/script>\n<!-- \/ Yoast SEO plugin. -->","yoast_head_json":{"title":"Semin\u00e1rio Internacional sobre Seguran\u00e7a no Tr\u00e2nsito - CONASS DEBATE","robots":{"index":"index","follow":"follow","max-snippet":"max-snippet:-1","max-image-preview":"max-image-preview:large","max-video-preview":"max-video-preview:-1"},"canonical":"https:\/\/www.conass.org.br\/conassdebate\/?page_id=450","og_locale":"pt_BR","og_type":"article","og_title":"Semin\u00e1rio Internacional sobre Seguran\u00e7a no Tr\u00e2nsito - CONASS DEBATE","og_description":"O volume e a gravidade dos acidentes de tr\u00e2nsito afetam diretamente os sistemas de sa\u00fade e suas redes assistenciais, desde o atendimento pr\u00e9-hospitalar at\u00e9 a reabilita\u00e7\u00e3o. Considerando a import\u00e2ncia social e econ\u00f4mica desta tem\u00e1tica, o Conass ir\u00e1 realizar nos dias 25 e 26 de abril de 2017 o Semin\u00e1rio Internacional sobre Seguran\u00e7a no Tr\u00e2nsito, com [&hellip;]","og_url":"https:\/\/www.conass.org.br\/conassdebate\/?page_id=450","og_site_name":"CONASS DEBATE","article_publisher":"https:\/\/www.facebook.com\/conassoficial","article_modified_time":"2017-05-10T15:46:34+00:00","og_image":[{"width":612,"height":612,"url":"https:\/\/www.conass.org.br\/conassdebate\/wp-content\/uploads\/2013\/09\/conass_fb_ig_avatar.jpg","type":"image\/jpeg"}],"twitter_misc":{"Est. tempo de leitura":"3 minutos"},"schema":{"@context":"https:\/\/schema.org","@graph":[{"@type":"WebPage","@id":"https:\/\/www.conass.org.br\/conassdebate\/?page_id=450","url":"https:\/\/www.conass.org.br\/conassdebate\/?page_id=450","name":"Semin\u00e1rio Internacional sobre Seguran\u00e7a no Tr\u00e2nsito - CONASS DEBATE","isPartOf":{"@id":"https:\/\/www.conass.org.br\/conassdebate\/#website"},"datePublished":"2017-05-02T17:30:56+00:00","dateModified":"2017-05-10T15:46:34+00:00","inLanguage":"pt-BR","potentialAction":[{"@type":"ReadAction","target":["https:\/\/www.conass.org.br\/conassdebate\/?page_id=450"]}]},{"@type":"WebSite","@id":"https:\/\/www.conass.org.br\/conassdebate\/#website","url":"https:\/\/www.conass.org.br\/conassdebate\/","name":"CONASS DEBATE","description":"Conass - Conselho Nacional dos Secret\u00e1rios de Sa\u00fadeo","potentialAction":[{"@type":"SearchAction","target":{"@type":"EntryPoint","urlTemplate":"https:\/\/www.conass.org.br\/conassdebate\/?s={search_term_string}"},"query-input":{"@type":"PropertyValueSpecification","valueRequired":true,"valueName":"search_term_string"}}],"inLanguage":"pt-BR"}]}},"_links":{"self":[{"href":"https:\/\/www.conass.org.br\/conassdebate\/index.php?rest_route=\/wp\/v2\/pages\/450"}],"collection":[{"href":"https:\/\/www.conass.org.br\/conassdebate\/index.php?rest_route=\/wp\/v2\/pages"}],"about":[{"href":"https:\/\/www.conass.org.br\/conassdebate\/index.php?rest_route=\/wp\/v2\/types\/page"}],"author":[{"embeddable":true,"href":"https:\/\/www.conass.org.br\/conassdebate\/index.php?rest_route=\/wp\/v2\/users\/3"}],"replies":[{"embeddable":true,"href":"https:\/\/www.conass.org.br\/conassdebate\/index.php?rest_route=%2Fwp%2Fv2%2Fcomments&post=450"}],"version-history":[{"count":3,"href":"https:\/\/www.conass.org.br\/conassdebate\/index.php?rest_route=\/wp\/v2\/pages\/450\/revisions"}],"predecessor-version":[{"id":458,"href":"https:\/\/www.conass.org.br\/conassdebate\/index.php?rest_route=\/wp\/v2\/pages\/450\/revisions\/458"}],"wp:attachment":[{"href":"https:\/\/www.conass.org.br\/conassdebate\/index.php?rest_route=%2Fwp%2Fv2%2Fmedia&parent=450"}],"curies":[{"name":"wp","href":"https:\/\/api.w.org\/{rel}","templated":true}]}}