{"id":460,"date":"2018-03-22T14:32:05","date_gmt":"2018-03-22T14:32:05","guid":{"rendered":"http:\/\/www.conass.org.br\/conassdebate\/?page_id=460"},"modified":"2018-05-03T12:13:41","modified_gmt":"2018-05-03T12:13:41","slug":"o-futuro-dos-sistemas-universais-de-saude","status":"publish","type":"page","link":"https:\/\/www.conass.org.br\/conassdebate\/?page_id=460","title":{"rendered":"O futuro dos sistemas universais de sa\u00fade"},"content":{"rendered":"<p style=\"text-align: center;\"><strong>\u201cO futuro dos sistemas universais de sa\u00fade no mundo\u201d<\/strong><\/p>\n<p style=\"text-align: center;\">Dia 24.04.2018<\/p>\n<p style=\"text-align: center;\"><iframe loading=\"lazy\" src=\"https:\/\/www.youtube.com\/embed\/iO3OkOENGbg\" width=\"560\" height=\"315\" frameborder=\"0\" allowfullscreen=\"allowfullscreen\"><\/iframe><\/p>\n<p style=\"text-align: center;\"><a href=\"https:\/\/www.youtube.com\/watch?v=l0e_enQQboU&amp;feature=youtu.be\">Assista com o \u00e1udio original clicando aqui.<\/a><\/p>\n<p style=\"text-align: center;\"><strong>\u201cO futuro do Sistema \u00danico de Sa\u00fade\u201d<\/strong><\/p>\n<p style=\"text-align: center;\">Dia 25.04.2018<\/p>\n<p style=\"text-align: center;\"><iframe loading=\"lazy\" src=\"https:\/\/www.youtube.com\/embed\/9Mm2TIggULM\" width=\"560\" height=\"315\" frameborder=\"0\" allowfullscreen=\"allowfullscreen\"><\/iframe><\/p>\n<p>&nbsp;<\/p>\n<p style=\"text-align: center;\"><a href=\"http:\/\/pt.slideshare.net\/CONASS\/presentations\">Acesse as apresenta\u00e7\u00f5es clicando aqui.<\/a><\/p>\n<p><strong>\u00a0<\/strong><\/p>\n<p><a href=\"http:\/\/www.conass.org.br\/wp-content\/uploads\/2018\/03\/CONASS-Debate.png\"><img loading=\"lazy\" decoding=\"async\" class=\"alignleft wp-image-13049 size-medium\" src=\"http:\/\/www.conass.org.br\/wp-content\/uploads\/2018\/03\/CONASS-Debate-300x240.png\" alt=\"\" width=\"300\" height=\"240\" \/><\/a>As transforma\u00e7\u00f5es sociais, pol\u00edticas e econ\u00f4micas t\u00eam gerado constantes mudan\u00e7as no perfil demogr\u00e1fico e epidemiol\u00f3gico das popula\u00e7\u00f5es em todo o mundo. Esse fen\u00f4meno tem impactado fortemente os sistemas de sa\u00fade, principalmente aqueles que t\u00eam a universalidade como princ\u00edpio, tornando a sustentabilidade desses um desafio a ser enfrentado em diversos pa\u00edses.<\/p>\n<p>Diante deste cen\u00e1rio, o CONASS \u2013 Conselho Nacional de Secret\u00e1rios de Sa\u00fade \u2013 convida especialistas do Brasil, Canad\u00e1, Costa Rica, Portugal e Reino Unido para um debate sobre o futuro dos sistemas universais de sa\u00fade, em especial do Sistema \u00danico de Sa\u00fade (SUS).<\/p>\n<p>A nona edi\u00e7\u00e3o do projeto CONASS Debate ter\u00e1 como tema \u201cO Futuro dos Sistemas Universais de Sa\u00fade\u201d, com objetivo de discutir estrat\u00e9gias e a\u00e7\u00f5es que possibilitem o fortalecimento do SUS.<\/p>\n<p>O debate pretende, no ano em que o sistema de sa\u00fade brasileiro completa 30 anos, buscar solu\u00e7\u00f5es em um cen\u00e1rio de grave crise pol\u00edtica e econ\u00f4mica que amea\u00e7a n\u00e3o apenas o sistema, idealizado e constru\u00eddo para atender a todos de maneira igualit\u00e1ria e equ\u00e2nime, mas o direito \u00e0 sa\u00fade conquistado e estabelecido da Constitui\u00e7\u00e3o Federal de 1988.<\/p>\n<p style=\"text-align: center;\"><span style=\"color: #ffffff;\">.<\/span><\/p>\n<hr \/>\n<p>&nbsp;<\/p>\n<p style=\"text-align: center;\"><span style=\"text-decoration: underline; font-size: 14pt;\"><strong>PROGRAMA\u00c7\u00c3O<\/strong><\/span><\/p>\n<p style=\"text-align: center;\"><strong>\u201cO FUTURO DOS SISTEMAS UNIVERSAIS DE SA\u00daDE\u201d<\/strong><\/p>\n<p style=\"text-align: center;\">BRAS\u00cdLIA, 24 E 25 DE ABRIL DE 2018<\/p>\n<p style=\"text-align: left;\"><strong>\u201cO futuro dos sistemas universais de sa\u00fade no mundo\u201d<\/strong><\/p>\n<p><span style=\"text-decoration: underline;\">Dia 24.04.2018<\/span><\/p>\n<p><strong>\u00a0<\/strong><\/p>\n<p>14:00 \u2013 Abertura pelo presidente do CONASS e demais autoridades<\/p>\n<p>14:30 \u00e0s 15:00 \u2013 Reino Unido: Thomas Hone (Departamento de Aten\u00e7\u00e3o Prim\u00e1ria e Sa\u00fade P\u00fablica do Imperial College London)<\/p>\n<p>15:00 \u00e0s 15:30 \u2013 Canad\u00e1\/Queb\u00e9c: Denis Roy (Instituto Nacional de Excel\u00eancia em Sa\u00fade e Servi\u00e7os Sociais do Qu\u00e9bec)<\/p>\n<p>15:30 \u00e0s 15:45 \u2013 Intervalo<\/p>\n<p>15:45 \u00e0s 16:15 \u2013 Costa Rica: Mauricio Vargas (Escola de Sa\u00fade P\u00fablica da Universidade de Costa Rica)<\/p>\n<p>16:15 \u00e0s 16:45 \u2013 Portugal: Jorge Sim\u00f5es (Universidade Nova de Lisboa, Instituto de Higiene e Medicina Tropical)<\/p>\n<p>16:45 \u00e0s 17:30 \u2013 Debate<\/p>\n<p>Moderador \u2013 Renato Tasca, (Opas Brasil)<\/p>\n<p>&nbsp;<\/p>\n<p>&nbsp;<\/p>\n<p><strong>\u201cO futuro do Sistema \u00danico de Sa\u00fade\u201d<\/strong><\/p>\n<p><span style=\"text-decoration: underline;\">Dia 25.04.2018<\/span><\/p>\n<p>&nbsp;<\/p>\n<p>09:00 \u00e0s 09:30 \u2013 Gast\u00e3o Wagner de Sousa Campos (Abrasco)<\/p>\n<p>09:30 \u00e0s 10:00 \u2013 Jairnilson Paim (Instituto de Sa\u00fade Coletiva, Universidade Federal da Bahia)<\/p>\n<p>10:00 \u00e0s 10:30 \u2013 Edson Ara\u00fajo (Banco Mundial)<\/p>\n<p>10:30 \u00e0s 11:00 \u2013 Eug\u00eanio Vila\u00e7a (Consultor em Sa\u00fade P\u00fablica)<\/p>\n<p>11:00 \u00e0s 11:15 \u2013 Intervalo<\/p>\n<p>11:15 \u00e0s 12:00 \u2013 Debates<\/p>\n<p>Moderador \u2013 Oswaldo Tanaka (Faculdade de Sa\u00fade P\u00fablica da Universidade de S\u00e3o Paulo)<\/p>\n<p>&nbsp;<\/p>\n<p><strong>Servi\u00e7o<\/strong><\/p>\n<p><span style=\"text-decoration: underline;\">9\u00ba Semin\u00e1rio CONASS Debate \u2013 O futuro dos sistemas universais de sa\u00fade<\/span><\/p>\n<p>Data: 24 e 25 de abril de 2018<\/p>\n<p>Hor\u00e1rios: Dia 24, das 14h \u00e0s 18h30 \/ dia 25, das 09h \u00e0s 12h<\/p>\n<p><span style=\"text-decoration: underline;\"><strong>Transmiss\u00e3o ao vivo, com tradu\u00e7\u00e3o simult\u00e2nea, no site do CONASS<\/strong><\/span><\/p>\n<p>&nbsp;<\/p>\n<p>&nbsp;<\/p>\n<p><iframe loading=\"lazy\" style=\"border: none; overflow: hidden;\" src=\"https:\/\/www.facebook.com\/plugins\/post.php?href=https%3A%2F%2Fwww.facebook.com%2Fconassoficial%2Fposts%2F1865009196925419&amp;width=552&amp;show_text=true&amp;height=542&amp;appId\" width=\"552\" height=\"542\" frameborder=\"0\" scrolling=\"no\"><\/iframe><\/p>\n<p>&nbsp;<\/p>\n<p><iframe loading=\"lazy\" style=\"border: none; overflow: hidden;\" src=\"https:\/\/www.facebook.com\/plugins\/post.php?href=https%3A%2F%2Fwww.facebook.com%2Fconassoficial%2Fposts%2F1868805489879123&amp;width=500\" width=\"500\" height=\"418\" frameborder=\"0\" scrolling=\"no\"><\/iframe><\/p>\n<p>&nbsp;<\/p>\n<p><iframe loading=\"lazy\" style=\"border: none; overflow: hidden;\" src=\"https:\/\/www.facebook.com\/plugins\/post.php?href=https%3A%2F%2Fwww.facebook.com%2Fconassoficial%2Fposts%2F1867372960022376&amp;width=500\" width=\"500\" height=\"418\" frameborder=\"0\" scrolling=\"no\"><\/iframe><\/p>\n<p>&nbsp;<\/p>\n<p><iframe loading=\"lazy\" style=\"border: none; overflow: hidden;\" src=\"https:\/\/www.facebook.com\/plugins\/post.php?href=https%3A%2F%2Fwww.facebook.com%2Fconassoficial%2Fposts%2F1872263402866665&amp;width=500\" width=\"500\" height=\"380\" frameborder=\"0\" scrolling=\"no\"><\/iframe><\/p>\n<p>&nbsp;<\/p>\n<p><iframe loading=\"lazy\" style=\"border: none; overflow: hidden;\" src=\"https:\/\/www.facebook.com\/plugins\/post.php?href=https%3A%2F%2Fwww.facebook.com%2Fconassoficial%2Fposts%2F1873468186079520&amp;width=500\" width=\"500\" height=\"399\" frameborder=\"0\" scrolling=\"no\"><\/iframe><\/p>\n<p>&nbsp;<\/p>\n<p><iframe loading=\"lazy\" style=\"border: none; overflow: hidden;\" src=\"https:\/\/www.facebook.com\/plugins\/post.php?href=https%3A%2F%2Fwww.facebook.com%2Fconassoficial%2Fposts%2F1874773475948991&amp;width=500\" width=\"500\" height=\"418\" frameborder=\"0\" scrolling=\"no\"><\/iframe><\/p>\n<p>&nbsp;<\/p>\n<p><iframe loading=\"lazy\" style=\"border: none; overflow: hidden;\" src=\"https:\/\/www.facebook.com\/plugins\/post.php?href=https%3A%2F%2Fwww.facebook.com%2Fconassoficial%2Fposts%2F1875969915829347&amp;width=500\" width=\"500\" height=\"418\" frameborder=\"0\" scrolling=\"no\"><\/iframe><\/p>\n<p>&nbsp;<\/p>\n<p><iframe loading=\"lazy\" style=\"border: none; overflow: hidden;\" src=\"https:\/\/www.facebook.com\/plugins\/post.php?href=https%3A%2F%2Fwww.facebook.com%2Fconassoficial%2Fposts%2F1880396805386658&amp;width=500\" width=\"500\" height=\"399\" frameborder=\"0\" scrolling=\"no\"><\/iframe><\/p>\n<p>&nbsp;<\/p>\n<p><iframe loading=\"lazy\" style=\"border: none; overflow: hidden;\" src=\"https:\/\/www.facebook.com\/plugins\/post.php?href=https%3A%2F%2Fwww.facebook.com%2Fconassoficial%2Fposts%2F1881880635238275&amp;width=500\" width=\"500\" height=\"418\" frameborder=\"0\" scrolling=\"no\"><\/iframe><\/p>\n<p>&nbsp;<\/p>\n<p><iframe loading=\"lazy\" style=\"border: none; overflow: hidden;\" src=\"https:\/\/www.facebook.com\/plugins\/post.php?href=https%3A%2F%2Fwww.facebook.com%2Fconassoficial%2Fposts%2F1883951675031171&amp;width=500\" width=\"500\" height=\"456\" frameborder=\"0\" scrolling=\"no\"><\/iframe><\/p>\n<p>&nbsp;<\/p>\n<p><iframe loading=\"lazy\" style=\"border: none; overflow: hidden;\" src=\"https:\/\/www.facebook.com\/plugins\/post.php?href=https%3A%2F%2Fwww.facebook.com%2Fconassoficial%2Fposts%2F1885478878211784&amp;width=500\" width=\"500\" height=\"437\" frameborder=\"0\" scrolling=\"no\"><\/iframe><\/p>\n","protected":false},"excerpt":{"rendered":"<p>\u201cO futuro dos sistemas universais de sa\u00fade no mundo\u201d Dia 24.04.2018 Assista com o \u00e1udio original clicando aqui. \u201cO futuro do Sistema \u00danico de Sa\u00fade\u201d Dia 25.04.2018 &nbsp; Acesse as apresenta\u00e7\u00f5es clicando aqui. \u00a0 As transforma\u00e7\u00f5es sociais, pol\u00edticas e econ\u00f4micas t\u00eam gerado constantes mudan\u00e7as no perfil demogr\u00e1fico e epidemiol\u00f3gico das popula\u00e7\u00f5es em todo o mundo. [&hellip;]<\/p>\n","protected":false},"author":1,"featured_media":0,"parent":0,"menu_order":0,"comment_status":"open","ping_status":"open","template":"","meta":{"footnotes":""},"class_list":["post-460","page","type-page","status-publish","hentry"],"yoast_head":"<!-- This site is optimized with the Yoast SEO plugin v23.6 - https:\/\/yoast.com\/wordpress\/plugins\/seo\/ -->\n<title>O futuro dos sistemas universais de sa\u00fade  - CONASS DEBATE<\/title>\n<meta name=\"robots\" content=\"index, follow, max-snippet:-1, max-image-preview:large, max-video-preview:-1\" \/>\n<link rel=\"canonical\" href=\"https:\/\/www.conass.org.br\/conassdebate\/?page_id=460\" \/>\n<meta property=\"og:locale\" content=\"pt_BR\" \/>\n<meta property=\"og:type\" content=\"article\" \/>\n<meta property=\"og:title\" content=\"O futuro dos sistemas universais de sa\u00fade  - CONASS DEBATE\" \/>\n<meta property=\"og:description\" content=\"\u201cO futuro dos sistemas universais de sa\u00fade no mundo\u201d Dia 24.04.2018 Assista com o \u00e1udio original clicando aqui. \u201cO futuro do Sistema \u00danico de Sa\u00fade\u201d Dia 25.04.2018 &nbsp; Acesse as apresenta\u00e7\u00f5es clicando aqui. \u00a0 As transforma\u00e7\u00f5es sociais, pol\u00edticas e econ\u00f4micas t\u00eam gerado constantes mudan\u00e7as no perfil demogr\u00e1fico e epidemiol\u00f3gico das popula\u00e7\u00f5es em todo o mundo. [&hellip;]\" \/>\n<meta property=\"og:url\" content=\"https:\/\/www.conass.org.br\/conassdebate\/?page_id=460\" \/>\n<meta property=\"og:site_name\" content=\"CONASS DEBATE\" \/>\n<meta property=\"article:publisher\" content=\"https:\/\/www.facebook.com\/conassoficial\" \/>\n<meta property=\"article:modified_time\" content=\"2018-05-03T12:13:41+00:00\" \/>\n<meta property=\"og:image\" content=\"http:\/\/www.conass.org.br\/wp-content\/uploads\/2018\/03\/CONASS-Debate-300x240.png\" \/>\n<meta name=\"twitter:label1\" content=\"Est. tempo de leitura\" \/>\n\t<meta name=\"twitter:data1\" content=\"2 minutos\" \/>\n<script type=\"application\/ld+json\" class=\"yoast-schema-graph\">{\"@context\":\"https:\/\/schema.org\",\"@graph\":[{\"@type\":\"WebPage\",\"@id\":\"https:\/\/www.conass.org.br\/conassdebate\/?page_id=460\",\"url\":\"https:\/\/www.conass.org.br\/conassdebate\/?page_id=460\",\"name\":\"O futuro dos sistemas universais de sa\u00fade - CONASS DEBATE\",\"isPartOf\":{\"@id\":\"https:\/\/www.conass.org.br\/conassdebate\/#website\"},\"primaryImageOfPage\":{\"@id\":\"https:\/\/www.conass.org.br\/conassdebate\/?page_id=460#primaryimage\"},\"image\":{\"@id\":\"https:\/\/www.conass.org.br\/conassdebate\/?page_id=460#primaryimage\"},\"thumbnailUrl\":\"http:\/\/www.conass.org.br\/wp-content\/uploads\/2018\/03\/CONASS-Debate-300x240.png\",\"datePublished\":\"2018-03-22T14:32:05+00:00\",\"dateModified\":\"2018-05-03T12:13:41+00:00\",\"inLanguage\":\"pt-BR\",\"potentialAction\":[{\"@type\":\"ReadAction\",\"target\":[\"https:\/\/www.conass.org.br\/conassdebate\/?page_id=460\"]}]},{\"@type\":\"ImageObject\",\"inLanguage\":\"pt-BR\",\"@id\":\"https:\/\/www.conass.org.br\/conassdebate\/?page_id=460#primaryimage\",\"url\":\"http:\/\/www.conass.org.br\/wp-content\/uploads\/2018\/03\/CONASS-Debate-300x240.png\",\"contentUrl\":\"http:\/\/www.conass.org.br\/wp-content\/uploads\/2018\/03\/CONASS-Debate-300x240.png\"},{\"@type\":\"WebSite\",\"@id\":\"https:\/\/www.conass.org.br\/conassdebate\/#website\",\"url\":\"https:\/\/www.conass.org.br\/conassdebate\/\",\"name\":\"CONASS DEBATE\",\"description\":\"Conass - Conselho Nacional dos Secret\u00e1rios de Sa\u00fadeo\",\"potentialAction\":[{\"@type\":\"SearchAction\",\"target\":{\"@type\":\"EntryPoint\",\"urlTemplate\":\"https:\/\/www.conass.org.br\/conassdebate\/?s={search_term_string}\"},\"query-input\":{\"@type\":\"PropertyValueSpecification\",\"valueRequired\":true,\"valueName\":\"search_term_string\"}}],\"inLanguage\":\"pt-BR\"}]}<\/script>\n<!-- \/ Yoast SEO plugin. -->","yoast_head_json":{"title":"O futuro dos sistemas universais de sa\u00fade  - CONASS DEBATE","robots":{"index":"index","follow":"follow","max-snippet":"max-snippet:-1","max-image-preview":"max-image-preview:large","max-video-preview":"max-video-preview:-1"},"canonical":"https:\/\/www.conass.org.br\/conassdebate\/?page_id=460","og_locale":"pt_BR","og_type":"article","og_title":"O futuro dos sistemas universais de sa\u00fade  - CONASS DEBATE","og_description":"\u201cO futuro dos sistemas universais de sa\u00fade no mundo\u201d Dia 24.04.2018 Assista com o \u00e1udio original clicando aqui. \u201cO futuro do Sistema \u00danico de Sa\u00fade\u201d Dia 25.04.2018 &nbsp; Acesse as apresenta\u00e7\u00f5es clicando aqui. \u00a0 As transforma\u00e7\u00f5es sociais, pol\u00edticas e econ\u00f4micas t\u00eam gerado constantes mudan\u00e7as no perfil demogr\u00e1fico e epidemiol\u00f3gico das popula\u00e7\u00f5es em todo o mundo. [&hellip;]","og_url":"https:\/\/www.conass.org.br\/conassdebate\/?page_id=460","og_site_name":"CONASS DEBATE","article_publisher":"https:\/\/www.facebook.com\/conassoficial","article_modified_time":"2018-05-03T12:13:41+00:00","og_image":[{"url":"http:\/\/www.conass.org.br\/wp-content\/uploads\/2018\/03\/CONASS-Debate-300x240.png"}],"twitter_misc":{"Est. tempo de leitura":"2 minutos"},"schema":{"@context":"https:\/\/schema.org","@graph":[{"@type":"WebPage","@id":"https:\/\/www.conass.org.br\/conassdebate\/?page_id=460","url":"https:\/\/www.conass.org.br\/conassdebate\/?page_id=460","name":"O futuro dos sistemas universais de sa\u00fade - CONASS DEBATE","isPartOf":{"@id":"https:\/\/www.conass.org.br\/conassdebate\/#website"},"primaryImageOfPage":{"@id":"https:\/\/www.conass.org.br\/conassdebate\/?page_id=460#primaryimage"},"image":{"@id":"https:\/\/www.conass.org.br\/conassdebate\/?page_id=460#primaryimage"},"thumbnailUrl":"http:\/\/www.conass.org.br\/wp-content\/uploads\/2018\/03\/CONASS-Debate-300x240.png","datePublished":"2018-03-22T14:32:05+00:00","dateModified":"2018-05-03T12:13:41+00:00","inLanguage":"pt-BR","potentialAction":[{"@type":"ReadAction","target":["https:\/\/www.conass.org.br\/conassdebate\/?page_id=460"]}]},{"@type":"ImageObject","inLanguage":"pt-BR","@id":"https:\/\/www.conass.org.br\/conassdebate\/?page_id=460#primaryimage","url":"http:\/\/www.conass.org.br\/wp-content\/uploads\/2018\/03\/CONASS-Debate-300x240.png","contentUrl":"http:\/\/www.conass.org.br\/wp-content\/uploads\/2018\/03\/CONASS-Debate-300x240.png"},{"@type":"WebSite","@id":"https:\/\/www.conass.org.br\/conassdebate\/#website","url":"https:\/\/www.conass.org.br\/conassdebate\/","name":"CONASS DEBATE","description":"Conass - Conselho Nacional dos Secret\u00e1rios de Sa\u00fadeo","potentialAction":[{"@type":"SearchAction","target":{"@type":"EntryPoint","urlTemplate":"https:\/\/www.conass.org.br\/conassdebate\/?s={search_term_string}"},"query-input":{"@type":"PropertyValueSpecification","valueRequired":true,"valueName":"search_term_string"}}],"inLanguage":"pt-BR"}]}},"_links":{"self":[{"href":"https:\/\/www.conass.org.br\/conassdebate\/index.php?rest_route=\/wp\/v2\/pages\/460"}],"collection":[{"href":"https:\/\/www.conass.org.br\/conassdebate\/index.php?rest_route=\/wp\/v2\/pages"}],"about":[{"href":"https:\/\/www.conass.org.br\/conassdebate\/index.php?rest_route=\/wp\/v2\/types\/page"}],"author":[{"embeddable":true,"href":"https:\/\/www.conass.org.br\/conassdebate\/index.php?rest_route=\/wp\/v2\/users\/1"}],"replies":[{"embeddable":true,"href":"https:\/\/www.conass.org.br\/conassdebate\/index.php?rest_route=%2Fwp%2Fv2%2Fcomments&post=460"}],"version-history":[{"count":9,"href":"https:\/\/www.conass.org.br\/conassdebate\/index.php?rest_route=\/wp\/v2\/pages\/460\/revisions"}],"predecessor-version":[{"id":484,"href":"https:\/\/www.conass.org.br\/conassdebate\/index.php?rest_route=\/wp\/v2\/pages\/460\/revisions\/484"}],"wp:attachment":[{"href":"https:\/\/www.conass.org.br\/conassdebate\/index.php?rest_route=%2Fwp%2Fv2%2Fmedia&parent=460"}],"curies":[{"name":"wp","href":"https:\/\/api.w.org\/{rel}","templated":true}]}}