{"id":73,"date":"2013-09-04T15:40:49","date_gmt":"2013-09-04T15:40:49","guid":{"rendered":"http:\/\/www.conass.org.br\/conassdebate\/?page_id=73"},"modified":"2013-09-25T15:29:06","modified_gmt":"2013-09-25T15:29:06","slug":"caminhos-da-saude-no-brasil","status":"publish","type":"page","link":"https:\/\/www.conass.org.br\/conassdebate\/?page_id=73","title":{"rendered":"Caminhos da Sa\u00fade no Brasil"},"content":{"rendered":"<p><a href=\"http:\/\/www.conass.org.br\/conassdebate\/wp-content\/uploads\/2013\/09\/convite-conass-debate-internet-final.png\"><img loading=\"lazy\" decoding=\"async\" class=\"size-medium wp-image-157 alignleft\" style=\"margin: 20px 5px;\" alt=\"Convite CONASS Debate\" src=\"http:\/\/www.conass.org.br\/conassdebate\/wp-content\/uploads\/2013\/09\/convite-conass-debate-internet-final-300x212.png\" width=\"300\" height=\"212\" srcset=\"https:\/\/www.conass.org.br\/conassdebate\/wp-content\/uploads\/2013\/09\/convite-conass-debate-internet-final-300x212.png 300w, https:\/\/www.conass.org.br\/conassdebate\/wp-content\/uploads\/2013\/09\/convite-conass-debate-internet-final-400x283.png 400w, https:\/\/www.conass.org.br\/conassdebate\/wp-content\/uploads\/2013\/09\/convite-conass-debate-internet-final.png 1024w\" sizes=\"(max-width: 300px) 100vw, 300px\" \/><\/a><\/p>\n<p>&nbsp;<\/p>\n<p>O Sistema \u00danico de Sa\u00fade (SUS) completa, em 2013, 25 anos de exist\u00eancia. E a sua trajet\u00f3ria, desenhada por sonhos, conquistas e muitos desafios, desperta para a necessidade da reflex\u00e3o a respeito do seu futuro.<\/p>\n<p>&nbsp;<\/p>\n<p>Pol\u00edticas p\u00fablicas de sa\u00fade como os programas nacionais de Imuniza\u00e7\u00f5es; de Transplantes de \u00d3rg\u00e3os e Tecidos; e de DST e Aids, reconhecidos e referenciados internacionalmente e com padr\u00e3o de qualidade e excel\u00eancia que a popula\u00e7\u00e3o brasileira almeja e reivindica, refor\u00e7am que a sa\u00fade p\u00fablica brasileira tem muito o que comemorar.<\/p>\n<p>&nbsp;<\/p>\n<p>O SUS foi concebido constitucionalmente para ser um sistema p\u00fablico universal, financiado por impostos gerais, \u00e0 semelhan\u00e7a dos sistemas canadense, portugu\u00eas, espanhol, italiano e sueco. Trata-se da maior pol\u00edtica de inclus\u00e3o social do pa\u00eds. No entanto, n\u00e3o conseguiu constituir-se enquanto tal por v\u00e1rias raz\u00f5es, sendo a principal delas o subfinanciamento que hoje configura-se como seu problema central e do qual os demais s\u00e3o derivados.<\/p>\n<p>&nbsp;<\/p>\n<p>Entre as raz\u00f5es para este cen\u00e1rio est\u00e1 o fato de que a generosidade da Constituinte de 1988 n\u00e3o foi acompanhada da cria\u00e7\u00e3o de uma base material que sustentasse um sistema p\u00fablico universal. Devemos levar em conta que, na experi\u00eancia internacional, os sistemas universais de sa\u00fade t\u00eam o gasto p\u00fablico, como percentual do gasto total, de no m\u00ednimo de 70%. No Brasil, esse gasto \u00e9 de 47%.<\/p>\n<p>&nbsp;<\/p>\n<p>Diferentemente do que foi idealizado e conquistado pelo movimento sanit\u00e1rio e pelos constituintes, ap\u00f3s 25 anos a pr\u00e1tica social do SUS n\u00e3o \u00e9 de um sistema \u00fanico de sa\u00fade, tendo em vista que ele convive com dois sistemas privados, ou subsistemas (a sa\u00fade suplementar e o desembolso direto), compondo, no Brasil, o que se encontra internacionalmente com o nome de \u201csistemas segmentados\u201d.<\/p>\n<p>&nbsp;<\/p>\n<p>Este \u00e9 o dilema que o semin\u00e1rio CONASS Debate \u2013 Caminhos da Sa\u00fade no Brasil quer discutir. H\u00e1 caminhos alternativos para a organiza\u00e7\u00e3o do sistema de sa\u00fade no Brasil em geral e no SUS em particular? \u00c9 poss\u00edvel que o sonho do SUS universal se concretize nos pr\u00f3ximos anos? Se sim, como? O SUS est\u00e1 fadado a ser um sistema p\u00fablico destinado para os setores mais pobres da popula\u00e7\u00e3o? Estas e outras quest\u00f5es que ser\u00e3o abordadas durante o evento pretendem responder se haver\u00e1, nos pr\u00f3ximos anos, o aprofundamento da segmenta\u00e7\u00e3o do sistema de sa\u00fade p\u00fablica no Brasil e se h\u00e1 uma outra via para se alcan\u00e7ar a cobertura universal em sa\u00fade no pa\u00eds.<\/p>\n<p>&nbsp;<\/p>\n<p><strong><em>Leia o texto base <a href=\"http:\/\/www.conass.org.br\/conassdebate\/wp-content\/uploads\/2013\/09\/caminhosdasaudenobrasil_material_pasta.pdf\" target=\"_blank\">aqui<\/a>.<\/em><\/strong><\/p>\n<p>&nbsp;<\/p>\n<p><span style=\"font-size: medium;\"><strong>Programa\u00e7\u00e3o<\/strong><\/span><\/p>\n<p>&nbsp;<\/p>\n<p><strong>09h00 \u2013 MESA DE ABERTURA<\/strong><\/p>\n<p>\u00b7 Wilson Alecrim \u2013 presidente do CONASS<\/p>\n<p>\u00b7 Alexandre Padilha \u2013 ministro da Sa\u00fade<\/p>\n<p>\u00b7 Ant\u00f4nio Carlos Nardi \u2013 presidente do Conasems<\/p>\n<p>\u00b7 Joaquim Molina \u2013 representante da Opas no Brasil<\/p>\n<p>&nbsp;<\/p>\n<p><strong>10h00 \u2013 CONTEXTUALIZA\u00c7\u00c3O DO TEMA<\/strong><\/p>\n<p>\u00b7 Eug\u00eanio Vila\u00e7a Mendes \u2013 coordenador t\u00e9cnico do projeto CONASS Debate<\/p>\n<p>&nbsp;<\/p>\n<p><strong>10h30 \u2013 MESA DE EXPOSITORES SOBRE O TEMA<\/strong><\/p>\n<p>\u00b7 Coordena\u00e7\u00e3o<\/p>\n<p>&#8211; Wilson Alecrim \u2013 presidente do CONASS<\/p>\n<p>\u00b7 Enfoque: <span style=\"text-decoration: underline;\">Para onde vai o SUS?<\/span><\/p>\n<p>&#8211; Jos\u00e9 Gomes Tempor\u00e3o \u2013 ex-ministro da Sa\u00fade, diretor executivo do Instituto Sul-Americano de Governo em Sa\u00fade<\/p>\n<p>\u00b7 Enfoque: <span style=\"text-decoration: underline;\">Para onde vai o sistema suplementar?<\/span><\/p>\n<p>&#8211; Ant\u00f4nio Jorge Kropf \u2013 diretor de Assuntos Institucionais da Amil<\/p>\n<p>\u00b7 Enfoque: <span style=\"text-decoration: underline;\">Uma nova via \u00e9 poss\u00edvel?<\/span><\/p>\n<p>&#8211; Andre Cezar Medici &#8211; economista de sa\u00fade aposentado pelo Banco Interamericano de Desenvolvimento (BID) e editor do blog Monitor da Sa\u00fade (www.monitordasaude.blogspot.com)<\/p>\n<p>&nbsp;<\/p>\n<p><strong>13h00 \u2013 INTERVALO PARA ALMO\u00c7O E COLETIVA DE IMPRENSA<\/strong><\/p>\n<p>&nbsp;<\/p>\n<p><strong>14h00 \u2013 MESA DE DEBATEDORES<\/strong><\/p>\n<p>\u00b7 Moderador: Renilson Rehem \u2013 gerente do projeto CONASS Debate<\/p>\n<p>\u00b7 Debatedor: Renato Tasca \u2013 Advisor, Public Health Policies and Planning &#8211; Organiza\u00e7\u00e3o Pan-Americana da Sa\u00fade (Opas) em Washington\/EUA<\/p>\n<p>\u00b7 Debatedor: Gonzalo Vecina Neto \u2013 superintendente corporativo do Hospital S\u00edrio Liban\u00eas<\/p>\n<p>\u00b7 Debatedor: Wim Van Lerberghe\u00a0\u2013 Instituto de Medicina Tropical de Lisboa<\/p>\n<p>&nbsp;<\/p>\n<p><strong>15h30 \u2013 DEBATES<\/strong><\/p>\n<p>&nbsp;<\/p>\n<p><strong>17h00 \u2013 ENCERRAMENTO<\/strong><\/p>\n<p>&nbsp;<\/p>\n<p><span style=\"font-size: medium;\"><strong style=\"color: #348d34;\"><span style=\"color: #000000;\">Baixe as apresenta\u00e7\u00f5es <a title=\"Apresenta\u00e7\u00f5es\" href=\"http:\/\/www.conass.org.br\/conassdebate\/?page_id=168\">aqui<\/a>!<\/span><br \/>\n<\/strong><\/span><\/p>\n<p>&nbsp;<\/p>\n<p><span style=\"font-size: medium;\"><strong>Voc\u00ea viu?<\/strong><\/span><\/p>\n<p>&nbsp;<\/p>\n<div id=\"fb-root\"><\/div>\n<p><script type=\"text\/javascript\">\/\/ <![CDATA[\n(function(d, s, id) { var js, fjs = d.getElementsByTagName(s)[0]; if (d.getElementById(id)) return; js = d.createElement(s); js.id = id; js.src = \"\/\/connect.facebook.net\/pt_BR\/all.js#xfbml=1\"; fjs.parentNode.insertBefore(js, fjs); }(document, 'script', 'facebook-jssdk'));\n\/\/ ]]><\/script><\/p>\n<div class=\"fb-post\" data-href=\"https:\/\/www.facebook.com\/photo.php?v=523910941035258\" data-width=\"550\">\n<div class=\"fb-xfbml-parse-ignore\"><a href=\"https:\/\/www.facebook.com\/photo.php?v=523910941035258\">Publica\u00e7\u00e3o<\/a> by <a href=\"https:\/\/www.facebook.com\/conassoficial\">Conass Nacional<\/a>.<\/div>\n<\/div>\n<p>&nbsp;<\/p>\n<div id=\"fb-root\"><\/div>\n<p><script type=\"text\/javascript\">\/\/ <![CDATA[\n(function(d, s, id) { var js, fjs = d.getElementsByTagName(s)[0]; if (d.getElementById(id)) return; js = d.createElement(s); js.id = id; js.src = \"\/\/connect.facebook.net\/pt_BR\/all.js#xfbml=1\"; fjs.parentNode.insertBefore(js, fjs); }(document, 'script', 'facebook-jssdk'));\n\/\/ ]]><\/script><\/p>\n<div class=\"fb-post\" data-href=\"https:\/\/www.facebook.com\/photo.php?fbid=526434737449545&amp;set=a.402958093130544.93523.402270773199276&amp;type=1\" data-width=\"550\">\n<div class=\"fb-xfbml-parse-ignore\"><a href=\"https:\/\/www.facebook.com\/photo.php?fbid=526434737449545&amp;set=a.402958093130544.93523.402270773199276&amp;type=1\">Publica\u00e7\u00e3o<\/a> by <a href=\"https:\/\/www.facebook.com\/conassoficial\">Conass Nacional<\/a>.<\/div>\n<\/div>\n<p>&nbsp;<\/p>\n<div id=\"fb-root\"><\/div>\n<p><script type=\"text\/javascript\">\/\/ <![CDATA[\n(function(d, s, id) { var js, fjs = d.getElementsByTagName(s)[0]; if (d.getElementById(id)) return; js = d.createElement(s); js.id = id; js.src = \"\/\/connect.facebook.net\/pt_BR\/all.js#xfbml=1\"; fjs.parentNode.insertBefore(js, fjs); }(document, 'script', 'facebook-jssdk'));\n\/\/ ]]><\/script><\/p>\n<div class=\"fb-post\" data-href=\"https:\/\/www.facebook.com\/photo.php?fbid=527018750724477&amp;set=a.402958093130544.93523.402270773199276&amp;type=1\" data-width=\"550\">\n<div class=\"fb-xfbml-parse-ignore\"><a href=\"https:\/\/www.facebook.com\/photo.php?fbid=527018750724477&amp;set=a.402958093130544.93523.402270773199276&amp;type=1\">Publica\u00e7\u00e3o<\/a> by <a href=\"https:\/\/www.facebook.com\/conassoficial\">Conass Nacional<\/a>.<\/div>\n<\/div>\n<p>&nbsp;<\/p>\n<div id=\"fb-root\"><\/div>\n<p><script type=\"text\/javascript\">\/\/ <![CDATA[\n(function(d, s, id) { var js, fjs = d.getElementsByTagName(s)[0]; if (d.getElementById(id)) return; js = d.createElement(s); js.id = id; js.src = \"\/\/connect.facebook.net\/pt_BR\/all.js#xfbml=1\"; fjs.parentNode.insertBefore(js, fjs); }(document, 'script', 'facebook-jssdk'));\n\/\/ ]]><\/script><\/p>\n<div class=\"fb-post\" data-href=\"https:\/\/www.facebook.com\/photo.php?fbid=517259645033721&amp;set=a.402958093130544.93523.402270773199276&amp;type=1\">\n<div class=\"fb-xfbml-parse-ignore\"><a href=\"https:\/\/www.facebook.com\/photo.php?fbid=517259645033721&amp;set=a.402958093130544.93523.402270773199276&amp;type=1\">Publica\u00e7\u00e3o<\/a> by <a href=\"https:\/\/www.facebook.com\/conassoficial\">Conass Nacional<\/a>.<\/div>\n<\/div>\n<p>&nbsp;<\/p>\n<div id=\"fb-root\"><\/div>\n<p><script type=\"text\/javascript\">\/\/ <![CDATA[\n(function(d, s, id) { var js, fjs = d.getElementsByTagName(s)[0]; if (d.getElementById(id)) return; js = d.createElement(s); js.id = id; js.src = \"\/\/connect.facebook.net\/pt_BR\/all.js#xfbml=1\"; fjs.parentNode.insertBefore(js, fjs); }(document, 'script', 'facebook-jssdk'));\n\/\/ ]]><\/script><\/p>\n<div class=\"fb-post\" data-href=\"https:\/\/www.facebook.com\/photo.php?fbid=518386948254324&amp;set=a.402958093130544.93523.402270773199276&amp;type=1\" data-width=\"550\">\n<div class=\"fb-xfbml-parse-ignore\"><a href=\"https:\/\/www.facebook.com\/photo.php?fbid=518386948254324&amp;set=a.402958093130544.93523.402270773199276&amp;type=1\">Publica\u00e7\u00e3o<\/a> by <a href=\"https:\/\/www.facebook.com\/conassoficial\">Conass Nacional<\/a>.<\/div>\n<\/div>\n<p>&nbsp;<\/p>\n<div id=\"fb-root\"><\/div>\n<p><script type=\"text\/javascript\">\/\/ <![CDATA[\n(function(d, s, id) { var js, fjs = d.getElementsByTagName(s)[0]; if (d.getElementById(id)) return; js = d.createElement(s); js.id = id; js.src = \"\/\/connect.facebook.net\/pt_BR\/all.js#xfbml=1\"; fjs.parentNode.insertBefore(js, fjs); }(document, 'script', 'facebook-jssdk'));\n\/\/ ]]><\/script><\/p>\n<div class=\"fb-post\" data-href=\"https:\/\/www.facebook.com\/photo.php?fbid=519218104837875&amp;set=a.402958093130544.93523.402270773199276&amp;type=1\" data-width=\"550\">\n<div class=\"fb-xfbml-parse-ignore\"><a href=\"https:\/\/www.facebook.com\/photo.php?fbid=519218104837875&amp;set=a.402958093130544.93523.402270773199276&amp;type=1\">Publica\u00e7\u00e3o<\/a> by <a href=\"https:\/\/www.facebook.com\/conassoficial\">Conass Nacional<\/a>.<\/div>\n<\/div>\n<p>&nbsp;<\/p>\n<div id=\"fb-root\"><\/div>\n<p><script type=\"text\/javascript\">\/\/ <![CDATA[\n(function(d, s, id) { var js, fjs = d.getElementsByTagName(s)[0]; if (d.getElementById(id)) return; js = d.createElement(s); js.id = id; js.src = \"\/\/connect.facebook.net\/pt_BR\/all.js#xfbml=1\"; fjs.parentNode.insertBefore(js, fjs); }(document, 'script', 'facebook-jssdk'));\n\/\/ ]]><\/script><\/p>\n<div class=\"fb-post\" data-href=\"https:\/\/www.facebook.com\/photo.php?fbid=519818571444495&amp;set=a.402958093130544.93523.402270773199276&amp;type=1\" data-width=\"550\">\n<div class=\"fb-xfbml-parse-ignore\"><a href=\"https:\/\/www.facebook.com\/photo.php?fbid=519818571444495&amp;set=a.402958093130544.93523.402270773199276&amp;type=1\">Publica\u00e7\u00e3o<\/a> by <a href=\"https:\/\/www.facebook.com\/conassoficial\">Conass Nacional<\/a>.<\/div>\n<\/div>\n<p>&nbsp;<\/p>\n<div id=\"fb-root\"><\/div>\n<p><script type=\"text\/javascript\">\/\/ <![CDATA[\n(function(d, s, id) { var js, fjs = d.getElementsByTagName(s)[0]; if (d.getElementById(id)) return; js = d.createElement(s); js.id = id; js.src = \"\/\/connect.facebook.net\/pt_BR\/all.js#xfbml=1\"; fjs.parentNode.insertBefore(js, fjs); }(document, 'script', 'facebook-jssdk'));\n\/\/ ]]><\/script><\/p>\n<div class=\"fb-post\" data-href=\"https:\/\/www.facebook.com\/photo.php?fbid=522879604471725&amp;set=a.402958093130544.93523.402270773199276&amp;type=1\" data-width=\"550\">\n<div class=\"fb-xfbml-parse-ignore\"><a href=\"https:\/\/www.facebook.com\/photo.php?fbid=522879604471725&amp;set=a.402958093130544.93523.402270773199276&amp;type=1\">Publica\u00e7\u00e3o<\/a> by <a href=\"https:\/\/www.facebook.com\/conassoficial\">Conass Nacional<\/a>.<\/div>\n<\/div>\n<p>&nbsp;<\/p>\n<div id=\"fb-root\"><\/div>\n<p><script type=\"text\/javascript\">\/\/ <![CDATA[\n(function(d, s, id) { var js, fjs = d.getElementsByTagName(s)[0]; if (d.getElementById(id)) return; js = d.createElement(s); js.id = id; js.src = \"\/\/connect.facebook.net\/pt_BR\/all.js#xfbml=1\"; fjs.parentNode.insertBefore(js, fjs); }(document, 'script', 'facebook-jssdk'));\n\/\/ ]]><\/script><\/p>\n<div class=\"fb-post\" data-href=\"https:\/\/www.facebook.com\/photo.php?fbid=524133377679681&amp;set=a.402958093130544.93523.402270773199276&amp;type=1\" data-width=\"550\">\n<div class=\"fb-xfbml-parse-ignore\"><a href=\"https:\/\/www.facebook.com\/photo.php?fbid=524133377679681&amp;set=a.402958093130544.93523.402270773199276&amp;type=1\">Publica\u00e7\u00e3o<\/a> by <a href=\"https:\/\/www.facebook.com\/conassoficial\">Conass Nacional<\/a>.<\/div>\n<\/div>\n<p>&nbsp;<\/p>\n<p><strong>SEMIN\u00c1RIO CONASS DEBATE \u2013 CAMINHOS DA SA\u00daDE NO BRASIL<\/strong><\/p>\n<p><strong>Data:<\/strong> 25 de setembro de 2013<\/p>\n<p><strong>Hor\u00e1rio:<\/strong> 9h \u00e0s 17h<\/p>\n<p><strong>Contatos:<\/strong> Assessoria de Comunica\u00e7\u00e3o Social do Conselho Nacional de Secret\u00e1rios de Sa\u00fade (CONASS)<\/p>\n<p>Adriane Cruz (61) 3222-3000 e 9609-8365<\/p>\n<p>Tatiana Rosa (61) 3222-3000 e 9249-7850<\/p>\n<p>Ana Luiza Wenke (61) 9970-5735<\/p>\n<p>&nbsp;<\/p>\n","protected":false},"excerpt":{"rendered":"<p>&nbsp; O Sistema \u00danico de Sa\u00fade (SUS) completa, em 2013, 25 anos de exist\u00eancia. E a sua trajet\u00f3ria, desenhada por sonhos, conquistas e muitos desafios, desperta para a necessidade da reflex\u00e3o a respeito do seu futuro. &nbsp; Pol\u00edticas p\u00fablicas de sa\u00fade como os programas nacionais de Imuniza\u00e7\u00f5es; de Transplantes de \u00d3rg\u00e3os e Tecidos; e de [&hellip;]<\/p>\n","protected":false},"author":3,"featured_media":0,"parent":0,"menu_order":0,"comment_status":"open","ping_status":"open","template":"","meta":{"footnotes":""},"class_list":["post-73","page","type-page","status-publish","hentry"],"yoast_head":"<!-- This site is optimized with the Yoast SEO plugin v23.6 - https:\/\/yoast.com\/wordpress\/plugins\/seo\/ -->\n<title>Caminhos da Sa\u00fade no Brasil<\/title>\n<meta name=\"description\" content=\"Para onde vai o SUS? Para onde vai o sistema suplementar? Uma nova via \u00e9 poss\u00edvel? Algumas quest\u00f5es abordadas no 2o semin\u00e1rio do projeto CONASS Debate.\" \/>\n<meta name=\"robots\" content=\"index, follow, max-snippet:-1, max-image-preview:large, max-video-preview:-1\" \/>\n<link rel=\"canonical\" href=\"https:\/\/www.conass.org.br\/conassdebate\/?page_id=73\" \/>\n<meta property=\"og:locale\" content=\"pt_BR\" \/>\n<meta property=\"og:type\" content=\"article\" \/>\n<meta property=\"og:title\" content=\"Caminhos da Sa\u00fade no Brasil\" \/>\n<meta property=\"og:description\" content=\"Para onde vai o SUS? Para onde vai o sistema suplementar? Uma nova via \u00e9 poss\u00edvel? Algumas quest\u00f5es abordadas no 2o semin\u00e1rio do projeto CONASS Debate.\" \/>\n<meta property=\"og:url\" content=\"https:\/\/www.conass.org.br\/conassdebate\/?page_id=73\" \/>\n<meta property=\"og:site_name\" content=\"CONASS DEBATE\" \/>\n<meta property=\"article:publisher\" content=\"https:\/\/www.facebook.com\/conassoficial\" \/>\n<meta property=\"article:modified_time\" content=\"2013-09-25T15:29:06+00:00\" \/>\n<meta property=\"og:image\" content=\"http:\/\/www.conass.org.br\/conassdebate\/wp-content\/uploads\/2013\/09\/convite-conass-debate-internet-final-300x212.png\" \/>\n<meta name=\"twitter:label1\" content=\"Est. tempo de leitura\" \/>\n\t<meta name=\"twitter:data1\" content=\"4 minutos\" \/>\n<script type=\"application\/ld+json\" class=\"yoast-schema-graph\">{\"@context\":\"https:\/\/schema.org\",\"@graph\":[{\"@type\":\"WebPage\",\"@id\":\"https:\/\/www.conass.org.br\/conassdebate\/?page_id=73\",\"url\":\"https:\/\/www.conass.org.br\/conassdebate\/?page_id=73\",\"name\":\"Caminhos da Sa\u00fade no Brasil\",\"isPartOf\":{\"@id\":\"https:\/\/www.conass.org.br\/conassdebate\/#website\"},\"primaryImageOfPage\":{\"@id\":\"https:\/\/www.conass.org.br\/conassdebate\/?page_id=73#primaryimage\"},\"image\":{\"@id\":\"https:\/\/www.conass.org.br\/conassdebate\/?page_id=73#primaryimage\"},\"thumbnailUrl\":\"http:\/\/www.conass.org.br\/conassdebate\/wp-content\/uploads\/2013\/09\/convite-conass-debate-internet-final-300x212.png\",\"datePublished\":\"2013-09-04T15:40:49+00:00\",\"dateModified\":\"2013-09-25T15:29:06+00:00\",\"description\":\"Para onde vai o SUS? Para onde vai o sistema suplementar? Uma nova via \u00e9 poss\u00edvel? Algumas quest\u00f5es abordadas no 2o semin\u00e1rio do projeto CONASS Debate.\",\"inLanguage\":\"pt-BR\",\"potentialAction\":[{\"@type\":\"ReadAction\",\"target\":[\"https:\/\/www.conass.org.br\/conassdebate\/?page_id=73\"]}]},{\"@type\":\"ImageObject\",\"inLanguage\":\"pt-BR\",\"@id\":\"https:\/\/www.conass.org.br\/conassdebate\/?page_id=73#primaryimage\",\"url\":\"https:\/\/www.conass.org.br\/conassdebate\/wp-content\/uploads\/2013\/09\/convite-conass-debate-internet-final.png\",\"contentUrl\":\"https:\/\/www.conass.org.br\/conassdebate\/wp-content\/uploads\/2013\/09\/convite-conass-debate-internet-final.png\",\"width\":1024,\"height\":725},{\"@type\":\"WebSite\",\"@id\":\"https:\/\/www.conass.org.br\/conassdebate\/#website\",\"url\":\"https:\/\/www.conass.org.br\/conassdebate\/\",\"name\":\"CONASS DEBATE\",\"description\":\"Conass - Conselho Nacional dos Secret\u00e1rios de Sa\u00fadeo\",\"potentialAction\":[{\"@type\":\"SearchAction\",\"target\":{\"@type\":\"EntryPoint\",\"urlTemplate\":\"https:\/\/www.conass.org.br\/conassdebate\/?s={search_term_string}\"},\"query-input\":{\"@type\":\"PropertyValueSpecification\",\"valueRequired\":true,\"valueName\":\"search_term_string\"}}],\"inLanguage\":\"pt-BR\"}]}<\/script>\n<!-- \/ Yoast SEO plugin. -->","yoast_head_json":{"title":"Caminhos da Sa\u00fade no Brasil","description":"Para onde vai o SUS? Para onde vai o sistema suplementar? Uma nova via \u00e9 poss\u00edvel? Algumas quest\u00f5es abordadas no 2o semin\u00e1rio do projeto CONASS Debate.","robots":{"index":"index","follow":"follow","max-snippet":"max-snippet:-1","max-image-preview":"max-image-preview:large","max-video-preview":"max-video-preview:-1"},"canonical":"https:\/\/www.conass.org.br\/conassdebate\/?page_id=73","og_locale":"pt_BR","og_type":"article","og_title":"Caminhos da Sa\u00fade no Brasil","og_description":"Para onde vai o SUS? Para onde vai o sistema suplementar? Uma nova via \u00e9 poss\u00edvel? Algumas quest\u00f5es abordadas no 2o semin\u00e1rio do projeto CONASS Debate.","og_url":"https:\/\/www.conass.org.br\/conassdebate\/?page_id=73","og_site_name":"CONASS DEBATE","article_publisher":"https:\/\/www.facebook.com\/conassoficial","article_modified_time":"2013-09-25T15:29:06+00:00","og_image":[{"url":"http:\/\/www.conass.org.br\/conassdebate\/wp-content\/uploads\/2013\/09\/convite-conass-debate-internet-final-300x212.png"}],"twitter_misc":{"Est. tempo de leitura":"4 minutos"},"schema":{"@context":"https:\/\/schema.org","@graph":[{"@type":"WebPage","@id":"https:\/\/www.conass.org.br\/conassdebate\/?page_id=73","url":"https:\/\/www.conass.org.br\/conassdebate\/?page_id=73","name":"Caminhos da Sa\u00fade no Brasil","isPartOf":{"@id":"https:\/\/www.conass.org.br\/conassdebate\/#website"},"primaryImageOfPage":{"@id":"https:\/\/www.conass.org.br\/conassdebate\/?page_id=73#primaryimage"},"image":{"@id":"https:\/\/www.conass.org.br\/conassdebate\/?page_id=73#primaryimage"},"thumbnailUrl":"http:\/\/www.conass.org.br\/conassdebate\/wp-content\/uploads\/2013\/09\/convite-conass-debate-internet-final-300x212.png","datePublished":"2013-09-04T15:40:49+00:00","dateModified":"2013-09-25T15:29:06+00:00","description":"Para onde vai o SUS? Para onde vai o sistema suplementar? Uma nova via \u00e9 poss\u00edvel? Algumas quest\u00f5es abordadas no 2o semin\u00e1rio do projeto CONASS Debate.","inLanguage":"pt-BR","potentialAction":[{"@type":"ReadAction","target":["https:\/\/www.conass.org.br\/conassdebate\/?page_id=73"]}]},{"@type":"ImageObject","inLanguage":"pt-BR","@id":"https:\/\/www.conass.org.br\/conassdebate\/?page_id=73#primaryimage","url":"https:\/\/www.conass.org.br\/conassdebate\/wp-content\/uploads\/2013\/09\/convite-conass-debate-internet-final.png","contentUrl":"https:\/\/www.conass.org.br\/conassdebate\/wp-content\/uploads\/2013\/09\/convite-conass-debate-internet-final.png","width":1024,"height":725},{"@type":"WebSite","@id":"https:\/\/www.conass.org.br\/conassdebate\/#website","url":"https:\/\/www.conass.org.br\/conassdebate\/","name":"CONASS DEBATE","description":"Conass - Conselho Nacional dos Secret\u00e1rios de Sa\u00fadeo","potentialAction":[{"@type":"SearchAction","target":{"@type":"EntryPoint","urlTemplate":"https:\/\/www.conass.org.br\/conassdebate\/?s={search_term_string}"},"query-input":{"@type":"PropertyValueSpecification","valueRequired":true,"valueName":"search_term_string"}}],"inLanguage":"pt-BR"}]}},"_links":{"self":[{"href":"https:\/\/www.conass.org.br\/conassdebate\/index.php?rest_route=\/wp\/v2\/pages\/73"}],"collection":[{"href":"https:\/\/www.conass.org.br\/conassdebate\/index.php?rest_route=\/wp\/v2\/pages"}],"about":[{"href":"https:\/\/www.conass.org.br\/conassdebate\/index.php?rest_route=\/wp\/v2\/types\/page"}],"author":[{"embeddable":true,"href":"https:\/\/www.conass.org.br\/conassdebate\/index.php?rest_route=\/wp\/v2\/users\/3"}],"replies":[{"embeddable":true,"href":"https:\/\/www.conass.org.br\/conassdebate\/index.php?rest_route=%2Fwp%2Fv2%2Fcomments&post=73"}],"version-history":[{"count":20,"href":"https:\/\/www.conass.org.br\/conassdebate\/index.php?rest_route=\/wp\/v2\/pages\/73\/revisions"}],"predecessor-version":[{"id":271,"href":"https:\/\/www.conass.org.br\/conassdebate\/index.php?rest_route=\/wp\/v2\/pages\/73\/revisions\/271"}],"wp:attachment":[{"href":"https:\/\/www.conass.org.br\/conassdebate\/index.php?rest_route=%2Fwp%2Fv2%2Fmedia&parent=73"}],"curies":[{"name":"wp","href":"https:\/\/api.w.org\/{rel}","templated":true}]}}