{"id":1157,"date":"2023-10-30T10:19:47","date_gmt":"2023-10-30T13:19:47","guid":{"rendered":"https:\/\/www.conass.org.br\/redecoesp\/?page_id=1157"},"modified":"2025-08-30T02:10:21","modified_gmt":"2025-08-30T05:10:21","slug":"rede-colaborativa-das-escolas-estaduais-de-saude-publica","status":"publish","type":"page","link":"https:\/\/www.conass.org.br\/redecoesp\/","title":{"rendered":"Rede Colaborativa das Escolas Estaduais de Sa\u00fade P\u00fablica"},"content":{"rendered":"\t\t<div data-elementor-type=\"wp-page\" data-elementor-id=\"1157\" class=\"elementor elementor-1157\" data-elementor-post-type=\"page\">\n\t\t\t\t\t\t<section class=\"elementor-section elementor-top-section elementor-element elementor-element-50af3c2 elementor-section-boxed elementor-section-height-default elementor-section-height-default\" data-id=\"50af3c2\" data-element_type=\"section\" data-settings=\"{&quot;jet_parallax_layout_list&quot;:[{&quot;jet_parallax_layout_image&quot;:{&quot;url&quot;:&quot;&quot;,&quot;id&quot;:&quot;&quot;,&quot;size&quot;:&quot;&quot;},&quot;_id&quot;:&quot;17dddce&quot;,&quot;jet_parallax_layout_image_tablet&quot;:{&quot;url&quot;:&quot;&quot;,&quot;id&quot;:&quot;&quot;,&quot;size&quot;:&quot;&quot;},&quot;jet_parallax_layout_image_mobile&quot;:{&quot;url&quot;:&quot;&quot;,&quot;id&quot;:&quot;&quot;,&quot;size&quot;:&quot;&quot;},&quot;jet_parallax_layout_speed&quot;:{&quot;unit&quot;:&quot;%&quot;,&quot;size&quot;:50,&quot;sizes&quot;:[]},&quot;jet_parallax_layout_type&quot;:&quot;scroll&quot;,&quot;jet_parallax_layout_direction&quot;:null,&quot;jet_parallax_layout_fx_direction&quot;:null,&quot;jet_parallax_layout_z_index&quot;:&quot;&quot;,&quot;jet_parallax_layout_bg_x&quot;:50,&quot;jet_parallax_layout_bg_x_tablet&quot;:&quot;&quot;,&quot;jet_parallax_layout_bg_x_mobile&quot;:&quot;&quot;,&quot;jet_parallax_layout_bg_y&quot;:50,&quot;jet_parallax_layout_bg_y_tablet&quot;:&quot;&quot;,&quot;jet_parallax_layout_bg_y_mobile&quot;:&quot;&quot;,&quot;jet_parallax_layout_bg_size&quot;:&quot;auto&quot;,&quot;jet_parallax_layout_bg_size_tablet&quot;:&quot;&quot;,&quot;jet_parallax_layout_bg_size_mobile&quot;:&quot;&quot;,&quot;jet_parallax_layout_animation_prop&quot;:&quot;transform&quot;,&quot;jet_parallax_layout_on&quot;:[&quot;desktop&quot;,&quot;tablet&quot;]}]}\">\n\t\t\t\t\t\t<div class=\"elementor-container elementor-column-gap-default\">\n\t\t\t\t\t<div class=\"elementor-column elementor-col-100 elementor-top-column elementor-element elementor-element-fa1fc17\" data-id=\"fa1fc17\" data-element_type=\"column\">\n\t\t\t<div class=\"elementor-widget-wrap elementor-element-populated\">\n\t\t\t\t\t\t<section class=\"elementor-section elementor-inner-section elementor-element elementor-element-ee72408 elementor-section-boxed elementor-section-height-default elementor-section-height-default\" data-id=\"ee72408\" data-element_type=\"section\" data-settings=\"{&quot;jet_parallax_layout_list&quot;:[{&quot;_id&quot;:&quot;dfec506&quot;,&quot;jet_parallax_layout_image&quot;:{&quot;url&quot;:&quot;&quot;,&quot;id&quot;:&quot;&quot;,&quot;size&quot;:&quot;&quot;},&quot;jet_parallax_layout_image_tablet&quot;:{&quot;url&quot;:&quot;&quot;,&quot;id&quot;:&quot;&quot;,&quot;size&quot;:&quot;&quot;},&quot;jet_parallax_layout_image_mobile&quot;:{&quot;url&quot;:&quot;&quot;,&quot;id&quot;:&quot;&quot;,&quot;size&quot;:&quot;&quot;},&quot;jet_parallax_layout_speed&quot;:{&quot;unit&quot;:&quot;%&quot;,&quot;size&quot;:50,&quot;sizes&quot;:[]},&quot;jet_parallax_layout_type&quot;:&quot;scroll&quot;,&quot;jet_parallax_layout_direction&quot;:null,&quot;jet_parallax_layout_fx_direction&quot;:null,&quot;jet_parallax_layout_z_index&quot;:&quot;&quot;,&quot;jet_parallax_layout_bg_x&quot;:50,&quot;jet_parallax_layout_bg_x_tablet&quot;:&quot;&quot;,&quot;jet_parallax_layout_bg_x_mobile&quot;:&quot;&quot;,&quot;jet_parallax_layout_bg_y&quot;:50,&quot;jet_parallax_layout_bg_y_tablet&quot;:&quot;&quot;,&quot;jet_parallax_layout_bg_y_mobile&quot;:&quot;&quot;,&quot;jet_parallax_layout_bg_size&quot;:&quot;auto&quot;,&quot;jet_parallax_layout_bg_size_tablet&quot;:&quot;&quot;,&quot;jet_parallax_layout_bg_size_mobile&quot;:&quot;&quot;,&quot;jet_parallax_layout_animation_prop&quot;:&quot;transform&quot;,&quot;jet_parallax_layout_on&quot;:[&quot;desktop&quot;,&quot;tablet&quot;]}]}\">\n\t\t\t\t\t\t<div class=\"elementor-container elementor-column-gap-default\">\n\t\t\t\t\t<div class=\"elementor-column elementor-col-100 elementor-inner-column elementor-element elementor-element-4cbaceb\" data-id=\"4cbaceb\" data-element_type=\"column\">\n\t\t\t<div class=\"elementor-widget-wrap elementor-element-populated\">\n\t\t\t\t\t\t<div class=\"elementor-element elementor-element-f85678b elementor-widget elementor-widget-image\" data-id=\"f85678b\" data-element_type=\"widget\" data-widget_type=\"image.default\">\n\t\t\t\t<div class=\"elementor-widget-container\">\n\t\t\t\t\t\t\t\t\t\t\t\t\t<img fetchpriority=\"high\" decoding=\"async\" width=\"548\" height=\"200\" src=\"https:\/\/www.conass.org.br\/redecoesp\/wp-content\/uploads\/2025\/08\/Logo-Redecoesp-2.png\" class=\"attachment-full size-full wp-image-1858\" alt=\"\" srcset=\"https:\/\/www.conass.org.br\/redecoesp\/wp-content\/uploads\/2025\/08\/Logo-Redecoesp-2.png 548w, https:\/\/www.conass.org.br\/redecoesp\/wp-content\/uploads\/2025\/08\/Logo-Redecoesp-2-300x109.png 300w\" sizes=\"(max-width: 548px) 100vw, 548px\" \/>\t\t\t\t\t\t\t\t\t\t\t\t\t<\/div>\n\t\t\t\t<\/div>\n\t\t\t\t<div class=\"elementor-element elementor-element-549a025 elementor-widget elementor-widget-jet-blog-smart-tiles\" data-id=\"549a025\" data-element_type=\"widget\" data-settings=\"{&quot;motion_fx_motion_fx_mouse&quot;:&quot;yes&quot;}\" data-widget_type=\"jet-blog-smart-tiles.default\">\n\t\t\t\t<div class=\"elementor-widget-container\">\n\t\t\t<div class=\"elementor-jet-blog-smart-tiles jet-blog\"><div class=\"jet-smart-tiles-wrap\" data-slider-atts='{\"adaptiveHeight\":true,\"arrows\":true,\"prevArrow\":\"<i class=\\\"jet-arrow-prev jet-blog-arrow\\\"><svg width=\\\"24\\\" height=\\\"24\\\" viewBox=\\\"0 0 24 24\\\" fill=\\\"none\\\" xmlns=\\\"http:\\\/\\\/www.w3.org\\\/2000\\\/svg\\\"><path d=\\\"M14.625 5.3999L16.3 7.0749L11.35 12.0249L16.3 16.9749L14.625 18.6499L7.99999 12.0249L14.625 5.3999Z\\\" fill=\\\"#0F172A\\\"\\\/><\\\/svg><\\\/i>\",\"nextArrow\":\"<i class=\\\"jet-arrow-next jet-blog-arrow\\\"><svg width=\\\"24\\\" height=\\\"24\\\" viewBox=\\\"0 0 24 24\\\" fill=\\\"none\\\" xmlns=\\\"http:\\\/\\\/www.w3.org\\\/2000\\\/svg\\\"><path d=\\\"M9.37501 18.6001L7.70001 16.9251L12.65 11.9751L7.70001 7.0251L9.37501 5.3501L16 11.9751L9.37501 18.6001Z\\\" fill=\\\"#0F172A\\\"\\\/><\\\/svg><\\\/i>\",\"autoplay\":true,\"autoplaySpeed\":3000,\"rtl\":false}' dir=\"ltr\"><div class=\"jet-smart-tiles-slide\"><div class=\"jet-smart-tiles-slide__wrap layout-1-2\" ><div class=\"jet-smart-tiles\">\n\t<div class=\"jet-smart-tiles__box\" style=\"background-image:url('https:\/\/www.conass.org.br\/redecoesp\/wp-content\/uploads\/2026\/04\/Lancamento-unidade-movel-ESPCE-scaled-1.jpg')\">\n\t\t\t\t<div class=\"jet-smart-tiles__box-content\">\n\t\t\t<div class=\"jet-smart-tiles__box-content-inner\">\n\t\t\t\t\t\t\t\t\t\t\t\t<div class=\"jet-smart-tiles__box-title\">ESP\/CE lan\u00e7a unidade m\u00f3vel de simula\u00e7\u00e3o real\u00edstica e amplia qualifica\u00e7\u00e3o em sa\u00fade nos munic\u00edpios cearenses<\/div>\t\t\t\t\t\t\t\t\t\t\t\t\t\t\t\t\t\t\t<\/div>\n\t\t<\/div>\n\t\t<a href=\"https:\/\/www.conass.org.br\/redecoesp\/esp-ce-unidade-movel-simulacao-realistica\/\" class=\"jet-smart-tiles__box-link\" aria-label=\"ESP\/CE lan\u00e7a unidade m\u00f3vel de simula\u00e7\u00e3o real\u00edstica e amplia qualifica\u00e7\u00e3o em sa\u00fade nos munic\u00edpios cearenses\"><\/a>\n\t<\/div>\n<\/div><div class=\"jet-smart-tiles\">\n\t<div class=\"jet-smart-tiles__box\" style=\"background-image:url('https:\/\/www.conass.org.br\/redecoesp\/wp-content\/uploads\/2026\/03\/ruth.png')\">\n\t\t\t\t<div class=\"jet-smart-tiles__box-content\">\n\t\t\t<div class=\"jet-smart-tiles__box-content-inner\">\n\t\t\t\t\t\t\t\t\t\t\t\t<div class=\"jet-smart-tiles__box-title\">Lideran\u00e7a feminina que transforma<\/div>\t\t\t\t\t\t\t\t\t\t\t\t\t\t\t\t\t\t\t<\/div>\n\t\t<\/div>\n\t\t<a href=\"https:\/\/www.conass.org.br\/redecoesp\/lideranca-feminina-que-transforma\/\" class=\"jet-smart-tiles__box-link\" aria-label=\"Lideran\u00e7a feminina que transforma\"><\/a>\n\t<\/div>\n<\/div><div class=\"jet-smart-tiles\">\n\t<div class=\"jet-smart-tiles__box\" style=\"background-image:url('https:\/\/www.conass.org.br\/redecoesp\/wp-content\/uploads\/2025\/10\/WhatsApp-Image-2025-10-01-at-10.59.33-768x383-1-580x289-1.jpeg')\">\n\t\t\t\t<div class=\"jet-smart-tiles__box-content\">\n\t\t\t<div class=\"jet-smart-tiles__box-content-inner\">\n\t\t\t\t\t\t\t\t\t\t\t\t<div class=\"jet-smart-tiles__box-title\">Para fortalecer o SUS, governo do Acre cria Escola de Sa\u00fade P\u00fablica<\/div>\t\t\t\t\t\t\t\t\t\t\t\t\t\t\t\t\t\t\t<\/div>\n\t\t<\/div>\n\t\t<a href=\"https:\/\/www.conass.org.br\/redecoesp\/para-fortalecer-o-sus-governo-do-acre-cria-escola-de-saude-publica\/\" class=\"jet-smart-tiles__box-link\" aria-label=\"Para fortalecer o SUS, governo do Acre cria Escola de Sa\u00fade P\u00fablica\"><\/a>\n\t<\/div>\n<\/div><\/div><\/div><\/div><\/div>\t\t<\/div>\n\t\t\t\t<\/div>\n\t\t\t\t<div class=\"elementor-element elementor-element-5b44e76 elementor-align-center elementor-invisible elementor-widget elementor-widget-button\" data-id=\"5b44e76\" data-element_type=\"widget\" data-settings=\"{&quot;_animation&quot;:&quot;fadeInDown&quot;,&quot;_animation_delay&quot;:20}\" data-widget_type=\"button.default\">\n\t\t\t\t<div class=\"elementor-widget-container\">\n\t\t\t\t\t<div class=\"elementor-button-wrapper\">\n\t\t\t<a class=\"elementor-button elementor-button-link elementor-size-xl\" href=\"\/redecoesp\/category\/noticias\/\">\n\t\t\t\t\t\t<span class=\"elementor-button-content-wrapper\">\n\t\t\t\t\t\t\t\t\t<span class=\"elementor-button-text\">Mais not\u00edcias<\/span>\n\t\t\t\t\t<\/span>\n\t\t\t\t\t<\/a>\n\t\t<\/div>\n\t\t\t\t<\/div>\n\t\t\t\t<\/div>\n\t\t\t\t<div class=\"elementor-element elementor-element-ddb452d elementor-widget elementor-widget-text-editor\" data-id=\"ddb452d\" data-element_type=\"widget\" data-widget_type=\"text-editor.default\">\n\t\t\t\t<div class=\"elementor-widget-container\">\n\t\t\t\t\t\t\t<p>A Rede Colaborativa das Escolas Estaduais de Sa\u00fade P\u00fablica (Redecoesp) tem o prop\u00f3sito de promover o fortalecimento da Gest\u00e3o da Educa\u00e7\u00e3o na Sa\u00fade no \u00e2mbito das Secretarias Estaduais de Sa\u00fade (SES), a partir da atua\u00e7\u00e3o sin\u00e9rgica das Escolas Estaduais de Sa\u00fade P\u00fablica, no que se refere \u00e0s suas dimens\u00f5es t\u00e9cnicas, organizacionais e pedag\u00f3gicas. <br \/>O funcionamento da Redecoesp se d\u00e1 pela participa\u00e7\u00e3o dos dirigentes e equipes gestoras e t\u00e9cnicas das escolas, sob a coordena\u00e7\u00e3o do Conass, com a media\u00e7\u00e3o de uma Secretaria Executiva. Dentre os desafios da Redecoesp est\u00e1 o de estabelecer uma robusta e \u00e1gil troca de conhecimentos e experi\u00eancias entre as escolas e as \u00e1reas de Gest\u00e3o da Educa\u00e7\u00e3o das SES, constituindo-se como instrumento para a elabora\u00e7\u00e3o e o aperfei\u00e7oamento de pol\u00edticas p\u00fablicas da \u00e1rea e fortalecimento do SUS.<\/p>\t\t\t\t\t\t<\/div>\n\t\t\t\t<\/div>\n\t\t\t\t\t<\/div>\n\t\t<\/div>\n\t\t\t\t\t<\/div>\n\t\t<\/section>\n\t\t\t\t\t<\/div>\n\t\t<\/div>\n\t\t\t\t\t<\/div>\n\t\t<\/section>\n\t\t<div class=\"elementor-element elementor-element-421ac64 e-flex e-con-boxed e-con e-parent\" data-id=\"421ac64\" data-element_type=\"container\" data-settings=\"{&quot;jet_parallax_layout_list&quot;:[]}\">\n\t\t\t\t\t<div class=\"e-con-inner\">\n\t\t\t\t<div class=\"elementor-element elementor-element-d334cbf elementor-widget elementor-widget-heading\" data-id=\"d334cbf\" data-element_type=\"widget\" data-widget_type=\"heading.default\">\n\t\t\t\t<div class=\"elementor-widget-container\">\n\t\t\t<h2 class=\"elementor-heading-title elementor-size-default\">Eixos Tem\u00e1ticos<\/h2>\t\t<\/div>\n\t\t\t\t<\/div>\n\t\t\t\t\t<\/div>\n\t\t\t\t<\/div>\n\t\t<div class=\"elementor-element elementor-element-513668a e-flex e-con-boxed e-con e-parent\" data-id=\"513668a\" data-element_type=\"container\" data-settings=\"{&quot;jet_parallax_layout_list&quot;:[]}\">\n\t\t\t\t\t<div class=\"e-con-inner\">\n\t\t<div class=\"elementor-element elementor-element-c1ff1f9 e-con-full e-flex e-con e-child\" data-id=\"c1ff1f9\" data-element_type=\"container\" data-settings=\"{&quot;jet_parallax_layout_list&quot;:[]}\">\n\t\t\t\t<div class=\"elementor-element elementor-element-f9a1e95 elementor-widget elementor-widget-image\" data-id=\"f9a1e95\" data-element_type=\"widget\" data-widget_type=\"image.default\">\n\t\t\t\t<div class=\"elementor-widget-container\">\n\t\t\t\t\t\t\t\t\t\t\t\t\t<img decoding=\"async\" src=\"https:\/\/www.conass.org.br\/redecoesp\/wp-content\/uploads\/elementor\/thumbs\/deesp-r9ir602i5tf4h9bt4apavhqk39uon6raj288jaibcw.png\" title=\"deesp\" alt=\"\" loading=\"lazy\" \/>\t\t\t\t\t\t\t\t\t\t\t\t\t<\/div>\n\t\t\t\t<\/div>\n\t\t<div class=\"elementor-element elementor-element-d26720a e-con-full e-flex e-con e-child\" data-id=\"d26720a\" data-element_type=\"container\" data-settings=\"{&quot;jet_parallax_layout_list&quot;:[]}\">\n\t\t\t\t<div class=\"elementor-element elementor-element-0a8f308 elementor-widget__width-initial elementor-widget elementor-widget-heading\" data-id=\"0a8f308\" data-element_type=\"widget\" data-widget_type=\"heading.default\">\n\t\t\t\t<div class=\"elementor-widget-container\">\n\t\t\t<h4 class=\"elementor-heading-title elementor-size-default\"><a href=\"https:\/\/www.conass.org.br\/redecoesp\/diretorio-das-escolas-estaduais-de-saude-publica\/\">Diret\u00f3rio das Escolas Estaduais de Sa\u00fade P\u00fablicas<\/a><\/h4>\t\t<\/div>\n\t\t\t\t<\/div>\n\t\t\t\t<\/div>\n\t\t<div class=\"elementor-element elementor-element-4a0f212 e-con-full e-flex e-con e-child\" data-id=\"4a0f212\" data-element_type=\"container\" data-settings=\"{&quot;jet_parallax_layout_list&quot;:[]}\">\n\t\t\t\t<div class=\"elementor-element elementor-element-684d6f6 elementor-widget elementor-widget-text-editor\" data-id=\"684d6f6\" data-element_type=\"widget\" data-widget_type=\"text-editor.default\">\n\t\t\t\t<div class=\"elementor-widget-container\">\n\t\t\t\t\t\t\t<p>Encontre informa\u00e7\u00f5es detalhadas\u00a0 sobre as Escolas Estaduais de Sa\u00fade P\u00fablica em\u00a0 todo o Brasil. Acesse o\u00a0diret\u00f3rio completo e conhe\u00e7a as\u00a0iniciativas de forma\u00e7\u00e3o e qualifica\u00e7\u00e3o\u00a0profissional promovidas nos estados.<\/p>\t\t\t\t\t\t<\/div>\n\t\t\t\t<\/div>\n\t\t\t\t<\/div>\n\t\t<div class=\"elementor-element elementor-element-7e30c2b e-con-full e-flex e-con e-child\" data-id=\"7e30c2b\" data-element_type=\"container\" data-settings=\"{&quot;jet_parallax_layout_list&quot;:[]}\">\n\t\t\t\t<div class=\"elementor-element elementor-element-a3eea3f elementor-align-center elementor-widget__width-auto elementor-widget elementor-widget-button\" data-id=\"a3eea3f\" data-element_type=\"widget\" data-widget_type=\"button.default\">\n\t\t\t\t<div class=\"elementor-widget-container\">\n\t\t\t\t\t<div class=\"elementor-button-wrapper\">\n\t\t\t<a class=\"elementor-button elementor-button-link elementor-size-sm elementor-animation-grow\" href=\"https:\/\/www.conass.org.br\/redecoesp\/diretorio-das-escolas-estaduais-de-saude-publica\/\">\n\t\t\t\t\t\t<span class=\"elementor-button-content-wrapper\">\n\t\t\t\t\t\t\t\t\t<span class=\"elementor-button-text\">ACESSAR DIRET\u00d3RIO<\/span>\n\t\t\t\t\t<\/span>\n\t\t\t\t\t<\/a>\n\t\t<\/div>\n\t\t\t\t<\/div>\n\t\t\t\t<\/div>\n\t\t\t\t<\/div>\n\t\t\t\t<\/div>\n\t\t<div class=\"elementor-element elementor-element-6955fc7 e-con-full e-flex e-con e-child\" data-id=\"6955fc7\" data-element_type=\"container\" data-settings=\"{&quot;jet_parallax_layout_list&quot;:[]}\">\n\t\t\t\t<div class=\"elementor-element elementor-element-91569ac elementor-widget elementor-widget-image\" data-id=\"91569ac\" data-element_type=\"widget\" data-widget_type=\"image.default\">\n\t\t\t\t<div class=\"elementor-widget-container\">\n\t\t\t\t\t\t\t\t\t\t\t\t\t<img decoding=\"async\" src=\"https:\/\/www.conass.org.br\/redecoesp\/wp-content\/uploads\/elementor\/thumbs\/bd-r9irsn0kr6eq36g1xkyufa374c9x0rmkn3u7m6xzi8.png\" title=\"bd\" alt=\"\" loading=\"lazy\" \/>\t\t\t\t\t\t\t\t\t\t\t\t\t<\/div>\n\t\t\t\t<\/div>\n\t\t<div class=\"elementor-element elementor-element-a9a8716 e-con-full e-flex e-con e-child\" data-id=\"a9a8716\" data-element_type=\"container\" data-settings=\"{&quot;jet_parallax_layout_list&quot;:[]}\">\n\t\t\t\t<div class=\"elementor-element elementor-element-15e1e69 elementor-widget__width-initial elementor-widget elementor-widget-heading\" data-id=\"15e1e69\" data-element_type=\"widget\" data-widget_type=\"heading.default\">\n\t\t\t\t<div class=\"elementor-widget-container\">\n\t\t\t<h4 class=\"elementor-heading-title elementor-size-default\">Biblioteca Digital da Redecoesp<\/h4>\t\t<\/div>\n\t\t\t\t<\/div>\n\t\t\t\t<\/div>\n\t\t<div class=\"elementor-element elementor-element-702e334 e-con-full e-flex e-con e-child\" data-id=\"702e334\" data-element_type=\"container\" data-settings=\"{&quot;jet_parallax_layout_list&quot;:[]}\">\n\t\t\t\t<div class=\"elementor-element elementor-element-11639c1 elementor-widget elementor-widget-text-editor\" data-id=\"11639c1\" data-element_type=\"widget\" data-widget_type=\"text-editor.default\">\n\t\t\t\t<div class=\"elementor-widget-container\">\n\t\t\t\t\t\t\t<p>Explore estrat\u00e9gias e instrumentos\u00a0<br \/>para o fortalecimento da governan\u00e7a\u00a0<br \/>educacional no SUS. Aqui voc\u00ea\u00a0<br \/>encontra conte\u00fados sobre planejamento, monitoramento e\u00a0<br \/>avalia\u00e7\u00e3o da forma\u00e7\u00e3o em sa\u00fade nos territ\u00f3rios.<\/p>\t\t\t\t\t\t<\/div>\n\t\t\t\t<\/div>\n\t\t\t\t<\/div>\n\t\t<div class=\"elementor-element elementor-element-73e5c80 e-con-full e-flex e-con e-child\" data-id=\"73e5c80\" data-element_type=\"container\" data-settings=\"{&quot;jet_parallax_layout_list&quot;:[]}\">\n\t\t\t\t<div class=\"elementor-element elementor-element-ae85e80 elementor-align-center elementor-widget__width-auto elementor-widget elementor-widget-button\" data-id=\"ae85e80\" data-element_type=\"widget\" data-widget_type=\"button.default\">\n\t\t\t\t<div class=\"elementor-widget-container\">\n\t\t\t\t\t<div class=\"elementor-button-wrapper\">\n\t\t\t<a class=\"elementor-button elementor-button-link elementor-size-sm elementor-animation-grow\" href=\"https:\/\/www.conass.org.br\/biblioteca\/redecoesp\/\">\n\t\t\t\t\t\t<span class=\"elementor-button-content-wrapper\">\n\t\t\t\t\t\t\t\t\t<span class=\"elementor-button-text\">VER CONTE\u00daDOS<\/span>\n\t\t\t\t\t<\/span>\n\t\t\t\t\t<\/a>\n\t\t<\/div>\n\t\t\t\t<\/div>\n\t\t\t\t<\/div>\n\t\t\t\t<\/div>\n\t\t\t\t<\/div>\n\t\t<div class=\"elementor-element elementor-element-3a4583f e-con-full e-flex e-con e-child\" data-id=\"3a4583f\" data-element_type=\"container\" data-settings=\"{&quot;jet_parallax_layout_list&quot;:[]}\">\n\t\t\t\t<div class=\"elementor-element elementor-element-dd93c2c elementor-widget elementor-widget-image\" data-id=\"dd93c2c\" data-element_type=\"widget\" data-widget_type=\"image.default\">\n\t\t\t\t<div class=\"elementor-widget-container\">\n\t\t\t\t\t\t\t\t\t\t\t\t\t<img decoding=\"async\" src=\"https:\/\/www.conass.org.br\/redecoesp\/wp-content\/uploads\/elementor\/thumbs\/ev-r9irwopk6hy62qkfaty0nrbn72bt5uoyv4yh02xyps.png\" title=\"ev\" alt=\"\" loading=\"lazy\" \/>\t\t\t\t\t\t\t\t\t\t\t\t\t<\/div>\n\t\t\t\t<\/div>\n\t\t<div class=\"elementor-element elementor-element-264828e e-con-full e-flex e-con e-child\" data-id=\"264828e\" data-element_type=\"container\" data-settings=\"{&quot;jet_parallax_layout_list&quot;:[]}\">\n\t\t\t\t<div class=\"elementor-element elementor-element-2df8199 elementor-widget__width-initial elementor-widget elementor-widget-heading\" data-id=\"2df8199\" data-element_type=\"widget\" data-widget_type=\"heading.default\">\n\t\t\t\t<div class=\"elementor-widget-container\">\n\t\t\t<h4 class=\"elementor-heading-title elementor-size-default\"><a href=\"https:\/\/www.conass.org.br\/redecoesp\/forum\/\">Ambiente Virtual das EESP<\/a><\/h4>\t\t<\/div>\n\t\t\t\t<\/div>\n\t\t\t\t<\/div>\n\t\t<div class=\"elementor-element elementor-element-f55b86f e-con-full e-flex e-con e-child\" data-id=\"f55b86f\" data-element_type=\"container\" data-settings=\"{&quot;jet_parallax_layout_list&quot;:[]}\">\n\t\t\t\t<div class=\"elementor-element elementor-element-9921e2d elementor-widget elementor-widget-text-editor\" data-id=\"9921e2d\" data-element_type=\"widget\" data-widget_type=\"text-editor.default\">\n\t\t\t\t<div class=\"elementor-widget-container\">\n\t\t\t\t\t\t\t<p>Acesse o espa\u00e7o digital das Escolas\u00a0<br \/>Estaduais de Sa\u00fade P\u00fablica. Cursos,\u00a0<br \/>materiais did\u00e1ticos, f\u00f3runs e atividades formativas reunidos em\u00a0 uma plataforma interativa de aprendizagem.<\/p>\t\t\t\t\t\t<\/div>\n\t\t\t\t<\/div>\n\t\t\t\t<\/div>\n\t\t<div class=\"elementor-element elementor-element-70ee1b4 e-con-full e-flex e-con e-child\" data-id=\"70ee1b4\" data-element_type=\"container\" data-settings=\"{&quot;jet_parallax_layout_list&quot;:[]}\">\n\t\t\t\t<div class=\"elementor-element elementor-element-f5e7f48 elementor-align-center elementor-widget__width-auto elementor-widget elementor-widget-button\" data-id=\"f5e7f48\" data-element_type=\"widget\" data-widget_type=\"button.default\">\n\t\t\t\t<div class=\"elementor-widget-container\">\n\t\t\t\t\t<div class=\"elementor-button-wrapper\">\n\t\t\t<a class=\"elementor-button elementor-button-link elementor-size-sm elementor-animation-grow\" href=\"https:\/\/www.conass.org.br\/redecoesp\/forum\/\">\n\t\t\t\t\t\t<span class=\"elementor-button-content-wrapper\">\n\t\t\t\t\t\t\t\t\t<span class=\"elementor-button-text\">ENTRAR NO AMBIENTE<\/span>\n\t\t\t\t\t<\/span>\n\t\t\t\t\t<\/a>\n\t\t<\/div>\n\t\t\t\t<\/div>\n\t\t\t\t<\/div>\n\t\t\t\t<\/div>\n\t\t\t\t<\/div>\n\t\t\t\t\t<\/div>\n\t\t\t\t<\/div>\n\t\t<div class=\"elementor-element elementor-element-d11066d e-flex e-con-boxed e-con e-parent\" data-id=\"d11066d\" data-element_type=\"container\" data-settings=\"{&quot;jet_parallax_layout_list&quot;:[]}\">\n\t\t\t\t\t<div class=\"e-con-inner\">\n\t\t\t\t\t<\/div>\n\t\t\t\t<\/div>\n\t\t\t\t<\/div>\n\t\t","protected":false},"excerpt":{"rendered":"<p>&#8220;,&#8221;nextArrow&#8221;:&#8221;&#8220;,&#8221;autoplay&#8221;:true,&#8221;autoplaySpeed&#8221;:3000,&#8221;rtl&#8221;:false}&#8217; dir=&#8221;ltr&#8221;> Governo formaliza cria\u00e7\u00e3o da primeira Escola de Sa\u00fade P\u00fablica do Distrito Federal Escola de Sa\u00fade P\u00fablica da Bahia (ESPBA\/SESAB) Recebe Recredenciamento Especial No Amap\u00e1, Conass participa de debate sobre a constru\u00e7\u00e3o do Plano Estadual de Gest\u00e3o do&#8230; Mais not\u00edcias A Rede Colaborativa das Escolas Estaduais de Sa\u00fade P\u00fablica (Redecoesp) tem o prop\u00f3sito de [&hellip;]<\/p>\n","protected":false},"author":1,"featured_media":0,"parent":0,"menu_order":0,"comment_status":"closed","ping_status":"closed","template":"","meta":{"footnotes":""},"class_list":["post-1157","page","type-page","status-publish","hentry"],"_links":{"self":[{"href":"https:\/\/www.conass.org.br\/redecoesp\/wp-json\/wp\/v2\/pages\/1157","targetHints":{"allow":["GET"]}}],"collection":[{"href":"https:\/\/www.conass.org.br\/redecoesp\/wp-json\/wp\/v2\/pages"}],"about":[{"href":"https:\/\/www.conass.org.br\/redecoesp\/wp-json\/wp\/v2\/types\/page"}],"author":[{"embeddable":true,"href":"https:\/\/www.conass.org.br\/redecoesp\/wp-json\/wp\/v2\/users\/1"}],"replies":[{"embeddable":true,"href":"https:\/\/www.conass.org.br\/redecoesp\/wp-json\/wp\/v2\/comments?post=1157"}],"version-history":[{"count":88,"href":"https:\/\/www.conass.org.br\/redecoesp\/wp-json\/wp\/v2\/pages\/1157\/revisions"}],"predecessor-version":[{"id":1861,"href":"https:\/\/www.conass.org.br\/redecoesp\/wp-json\/wp\/v2\/pages\/1157\/revisions\/1861"}],"wp:attachment":[{"href":"https:\/\/www.conass.org.br\/redecoesp\/wp-json\/wp\/v2\/media?parent=1157"}],"curies":[{"name":"wp","href":"https:\/\/api.w.org\/{rel}","templated":true}]}}